{"id":61,"date":"2020-10-19T17:28:16","date_gmt":"2020-10-19T17:28:16","guid":{"rendered":"https:\/\/www.ciba-services.fr\/?page_id=61"},"modified":"2025-11-13T20:18:44","modified_gmt":"2025-11-13T20:18:44","slug":"servicios-desplazamiento-mercancias-y-trabajadores","status":"publish","type":"page","link":"https:\/\/www.ciba-services.fr\/es\/servicios-desplazamiento-mercancias-y-trabajadores\/","title":{"rendered":"SERVICIOS"},"content":{"rendered":"<p>[et_pb_section fb_built=\u00bb1&#8243; inner_shadow=\u00bbon\u00bb specialty=\u00bbon\u00bb _builder_version=\u00bb4.24.0&#8243; use_background_color_gradient=\u00bbon\u00bb background_color_gradient_stops=\u00bbrgba(0,0,0,0.33) 0%|rgba(0,0,66,0.38) 53%\u00bb background_color_gradient_overlays_image=\u00bbon\u00bb background_color_gradient_start=\u00bbrgba(0,0,0,0.33)\u00bb background_color_gradient_end=\u00bbrgba(0,0,66,0.38)\u00bb background_color_gradient_end_position=\u00bb53%\u00bb background_image=\u00bbhttps:\/\/www.ciba-services.fr\/wp-content\/uploads\/2020\/11\/repre\u0301sentant-de\u0301tachement-de\u0301tachement-France-de\u0301tachement-Belgique-de\u0301tachement-Luxembourg-scaled.jpg\u00bb background_blend=\u00bbluminosity\u00bb filter_saturate=\u00bb98%\u00bb filter_brightness=\u00bb93%\u00bb background_last_edited=\u00bbon|phone\u00bb background_position_phone=\u00bbtop_left\u00bb collapsed=\u00bbon\u00bb global_colors_info=\u00bb{}\u00bb][et_pb_column type=\u00bb1_4&#8243; _builder_version=\u00bb4.16&#8243; custom_padding=\u00bb|||\u00bb global_colors_info=\u00bb{}\u00bb custom_padding__hover=\u00bb|||\u00bb][\/et_pb_column][et_pb_column type=\u00bb1_4&#8243; _builder_version=\u00bb4.16&#8243; custom_padding=\u00bb|||\u00bb global_colors_info=\u00bb{}\u00bb custom_padding__hover=\u00bb|||\u00bb][\/et_pb_column][et_pb_column type=\u00bb1_2&#8243; specialty_columns=\u00bb2&#8243; _builder_version=\u00bb4.16&#8243; custom_padding=\u00bb|||\u00bb global_colors_info=\u00bb{}\u00bb custom_padding__hover=\u00bb|||\u00bb][et_pb_row_inner custom_padding_last_edited=\u00bbon|phone\u00bb _builder_version=\u00bb4.16&#8243; width=\u00bb100%\u00bb max_width=\u00bb70%\u00bb module_alignment=\u00bbright\u00bb custom_padding=\u00bb|0px||0px|false|false\u00bb custom_padding_tablet=\u00bb\u00bb custom_padding_phone=\u00bb|0px||0px|false|false\u00bb global_colors_info=\u00bb{}\u00bb][et_pb_column_inner saved_specialty_column_type=\u00bb1_2&#8243; _builder_version=\u00bb4.16&#8243; custom_padding_tablet=\u00bb\u00bb custom_padding_phone=\u00bb|||0px|false|false\u00bb custom_padding_last_edited=\u00bbon|phone\u00bb global_colors_info=\u00bb{}\u00bb][et_pb_text content_tablet=\u00bb<\/p>\n<h3><a href=%22https:\/\/www.ciba-services.fr\/es\/contacto-ciba-services-asesoria-fiscal-francia-y-espana-impuestos-y-domiciliacion\/%22>Contacta con un agente!<\/a><\/h3>\n<p>Tel:  <a class=%22phone%22 href=%22tel:0033 5 59 20 74 73%22>+33 5 59 20 74 73<\/a><br \/>Direcci\u00f3n: <span itemprop=%22streetAddress%22>Adresse: 16 Rue lekueder,<br \/>Batiment des transitaires,<br \/>ZI des joncaux,<\/span><br \/><span itemprop=%22postalCode%22>64700<\/span><span> <\/span><span itemprop=%22addressLocality%22>Hendaye, Francia<\/span><\/p>\n<p>\u00bb content_phone=\u00bb<\/p>\n<h3><a href=%22https:\/\/www.ciba-services.fr\/es\/contacto-ciba-services-asesoria-fiscal-francia-y-espana-impuestos-y-domiciliacion\/%22>Contacta con un agente!<\/a><\/h3>\n<p>Tel: <a class=%22phone%22 href=%22tel:0033 5 59 20 74 73%22>+33 5 59 20 74 73<\/a><br \/>\nDirecci\u00f3n: <span itemprop=%22streetAddress%22>Adresse: 16 Rue lekueder,<br \/>\nBatiment des transitaires,<br \/>\nZI des joncaux,<\/span><br \/>\n<span itemprop=%22postalCode%22>64700<\/span><span> <\/span><span itemprop=%22addressLocality%22>Hendaye, Francia<\/span>\u00bb content_last_edited=\u00bbon|phone\u00bb _builder_version=\u00bb4.27.4&#8243; text_font=\u00bbLato||||||||\u00bb text_text_color=\u00bbrgba(255,255,255,0.7)\u00bb text_font_size=\u00bb15px\u00bb text_line_height=\u00bb2em\u00bb link_font=\u00bb||||||||\u00bb link_text_color=\u00bb#ffffff\u00bb header_font=\u00bb||||||||\u00bb header_2_font=\u00bbLato||||||||\u00bb header_3_font=\u00bbLato|700|||||||\u00bb header_3_font_size=\u00bb23px\u00bb header_3_line_height=\u00bb1.5em\u00bb background_color=\u00bbrgba(36,36,76,0.62)\u00bb background_layout=\u00bbdark\u00bb custom_margin=\u00bb4%||-20px||false|false\u00bb custom_margin_tablet=\u00bb40px|||\u00bb custom_margin_phone=\u00bb\u00bb custom_margin_last_edited=\u00bbon|phone\u00bb custom_padding=\u00bb30px|30px|40px|30px\u00bb custom_padding_tablet=\u00bb\u00bb custom_padding_phone=\u00bb|10px||10px|false|false\u00bb custom_padding_last_edited=\u00bbon|tablet\u00bb animation_style=\u00bbfold\u00bb animation_delay=\u00bb100ms\u00bb border_radii=\u00bbon|6px|6px|6px|6px\u00bb border_color_all=\u00bb#37899b\u00bb border_width_top=\u00bb6px\u00bb locked=\u00bboff\u00bb global_colors_info=\u00bb{}\u00bb]<\/p>\n<h3><a href=\"https:\/\/www.ciba-services.fr\/es\/contacto-ciba-services-asesoria-fiscal-francia-y-espana-impuestos-y-domiciliacion\/\">Contacta con un agente!<\/a><\/h3>\n<p>Tel:\u00a0 <a class=\"phone\" href=\"tel:0033 5 59 20 74 73\">+33 5 59 20 74 73<\/a><br \/>Direcci\u00f3n:\u00a0<span itemprop=\"streetAddress\">Adresse:\u00a016 Rue lekueder,<br \/>Batiment des transitaires,<br \/>ZI des joncaux,<\/span><br \/><span itemprop=\"postalCode\">64700<\/span><span>\u00a0<\/span><span itemprop=\"addressLocality\">Hendaye, Francia<\/span><\/p>\n<p>[\/et_pb_text][\/et_pb_column_inner][\/et_pb_row_inner][\/et_pb_column][\/et_pb_section][et_pb_section fb_built=\u00bb1&#8243; _builder_version=\u00bb4.16&#8243; custom_padding=\u00bb54px|0px|50px|0px||\u00bb collapsed=\u00bbon\u00bb global_colors_info=\u00bb{}\u00bb][et_pb_row use_custom_gutter=\u00bbon\u00bb gutter_width=\u00bb1&#8243; custom_padding_last_edited=\u00bbon|phone\u00bb module_id=\u00bbsocial\u00bb _builder_version=\u00bb4.16&#8243; background_color=\u00bb#ffffff\u00bb background_size=\u00bbinitial\u00bb background_position=\u00bbtop_left\u00bb background_repeat=\u00bbrepeat\u00bb max_width=\u00bb1440px\u00bb custom_margin=\u00bb-6%||||false|false\u00bb custom_padding=\u00bb24px|0px|32px|0px||\u00bb custom_padding_tablet=\u00bb\u00bb custom_padding_phone=\u00bb24px|0px|4px|0px|false|false\u00bb animation_direction=\u00bbbottom\u00bb border_radii=\u00bbon|15px|15px|15px|15px\u00bb border_color_all=\u00bb#3c39e6&#8243; border_width_top=\u00bb18px\u00bb box_shadow_style=\u00bbpreset3&#8243; box_shadow_vertical=\u00bb39px\u00bb box_shadow_blur=\u00bb80px\u00bb box_shadow_color=\u00bbrgba(0,0,0,0.1)\u00bb use_custom_width=\u00bbon\u00bb custom_width_px=\u00bb1440px\u00bb global_colors_info=\u00bb{}\u00bb][et_pb_column type=\u00bb4_4&#8243; _builder_version=\u00bb4.16&#8243; custom_padding=\u00bb|40px||40px\u00bb global_colors_info=\u00bb{}\u00bb custom_padding__hover=\u00bb|||\u00bb][et_pb_blurb title=\u00bbLABORAL\u00bb _builder_version=\u00bb4.16&#8243; header_font=\u00bbAbhaya Libre|900||on|||||\u00bb header_text_color=\u00bb#3754a3&#8243; header_font_size=\u00bb28px\u00bb header_letter_spacing=\u00bb1px\u00bb header_line_height=\u00bb1.4em\u00bb body_font=\u00bbLato||||||||\u00bb body_text_color=\u00bb#898f99&#8243; body_font_size=\u00bb16px\u00bb body_line_height=\u00bb1.6em\u00bb text_orientation=\u00bbcenter\u00bb custom_margin=\u00bb|||\u00bb custom_padding=\u00bb|||\u00bb animation=\u00bboff\u00bb global_colors_info=\u00bb{}\u00bb][\/et_pb_blurb][et_pb_text content_tablet=\u00bb<\/p>\n<h4 style=%22text-align: center;%22>GESTI\u00d3N LABORAL EUROPEA Y SERVICIOS DE DESPLAZAMIENTO DE TRABAJADORES<\/h4>\n<p>\u00bb content_phone=\u00bb<\/p>\n<h4 style=%22text-align: center;%22>GESTI\u00d3N LABORAL EUROPEA Y SERVICIOS DE DESPLAZAMIENTO DE TRABAJADORES<\/h4>\n<p>\u00bb content_last_edited=\u00bbon|tablet\u00bb _builder_version=\u00bb4.27.4&#8243; _module_preset=\u00bbdefault\u00bb header_4_font=\u00bb|600|||||||\u00bb global_colors_info=\u00bb{}\u00bb]<\/p>\n<h4 style=\"text-align: center;\">GESTI\u00d3N LABORAL EUROPEA Y SERVICIOS DE DESPLAZAMIENTO DE TRABAJADORES<\/h4>\n<p>[\/et_pb_text][\/et_pb_column][\/et_pb_row][et_pb_row column_structure=\u00bb1_2,1_2&#8243; use_custom_gutter=\u00bbon\u00bb gutter_width=\u00bb1&#8243; _builder_version=\u00bb4.16&#8243; background_color=\u00bb#ffffff\u00bb background_size=\u00bbinitial\u00bb background_position=\u00bbtop_left\u00bb background_repeat=\u00bbrepeat\u00bb max_width=\u00bb1440px\u00bb custom_margin=\u00bb-0.8%|auto|-19px|auto||\u00bb custom_padding=\u00bb5px|0px|24px|0px||\u00bb animation_direction=\u00bbbottom\u00bb border_radii=\u00bbon|NaNpx|NaNpx|NaNpx|NaNpx\u00bb border_color_all=\u00bbrgba(0,0,0,0)\u00bb border_width_top=\u00bb18px\u00bb use_custom_width=\u00bbon\u00bb custom_width_px=\u00bb1440px\u00bb global_colors_info=\u00bb{}\u00bb][et_pb_column type=\u00bb1_2&#8243; _builder_version=\u00bb4.16&#8243; custom_padding=\u00bb|40px||40px\u00bb custom_padding_tablet=\u00bb\u00bb custom_padding_phone=\u00bb|20px||20px|false|true\u00bb custom_padding_last_edited=\u00bbon|phone\u00bb global_colors_info=\u00bb{}\u00bb custom_padding__hover=\u00bb|||\u00bb][et_pb_blurb title=\u00bbFrancia\u00bb content_max_width_tablet=\u00bb\u00bb content_max_width_phone=\u00bb700px\u00bb content_max_width_last_edited=\u00bbon|phone\u00bb _builder_version=\u00bb4.16&#8243; header_font=\u00bbLato|900||on|||||\u00bb header_text_align=\u00bbleft\u00bb header_text_color=\u00bb#3754a3&#8243; header_font_size=\u00bb15px\u00bb header_letter_spacing=\u00bb1px\u00bb header_line_height=\u00bb1.4em\u00bb body_font=\u00bbLato||||||||\u00bb body_text_color=\u00bb#898f99&#8243; body_font_size=\u00bb16px\u00bb body_line_height=\u00bb1.6em\u00bb text_orientation=\u00bbcenter\u00bb max_width_tablet=\u00bb\u00bb max_width_phone=\u00bbnone\u00bb max_width_last_edited=\u00bbon|phone\u00bb custom_margin=\u00bb|||\u00bb custom_padding=\u00bb|||||true\u00bb custom_padding_tablet=\u00bb\u00bb custom_padding_phone=\u00bb25px|0px|0px|0px|false|true\u00bb custom_padding_last_edited=\u00bbon|phone\u00bb animation=\u00bboff\u00bb global_colors_info=\u00bb{}\u00bb]<\/p>\n<ul>\n<li style=\"text-align: left;\">Realizaci\u00f3n de las declaraciones previa de desplazamiento<\/li>\n<li style=\"text-align: left;\">Representaci\u00f3n de la empresa durante la duraci\u00f3n del desplazamiento en aplicaci\u00f3n de la <strong>Ley Savary;<\/strong><\/li>\n<li style=\"text-align: left;\">Puesta a disposici\u00f3n de una aplicaci\u00f3n web \u00fanica y exclusiva para facilitar la gesti\u00f3n de las obligaciones documentales<\/li>\n<li style=\"text-align: left;\">Gesti\u00f3n de las relaciones con los servicios de la <strong>DIRECCTE<\/strong> (Inspecci\u00f3n laboral francesa)<\/li>\n<li style=\"text-align: left;\">Ayuda a la redacci\u00f3n de correos y tambi\u00e9n transmisi\u00f3n de los documentos en caso de control<\/li>\n<li style=\"text-align: left;\">Afiliaci\u00f3n a la caja de vacaciones<\/li>\n<li style=\"text-align: left;\">Gesti\u00f3n de las declaraciones trimestrales a la caja de vacaciones para los trabajadores desplazados, que pertenecen al sector de la construcci\u00f3n<\/li>\n<li style=\"text-align: left;\">C\u00e1lculo de la retenci\u00f3n del <strong>IRPF franc\u00e9s<\/strong><\/li>\n<\/ul>\n<p>[\/et_pb_blurb][\/et_pb_column][et_pb_column type=\u00bb1_2&#8243; _builder_version=\u00bb4.16&#8243; custom_padding=\u00bb|40px||40px\u00bb custom_padding_tablet=\u00bb\u00bb custom_padding_phone=\u00bb|20px||20px|false|true\u00bb custom_padding_last_edited=\u00bbon|phone\u00bb global_colors_info=\u00bb{}\u00bb custom_padding__hover=\u00bb|||\u00bb][et_pb_text _builder_version=\u00bb4.16&#8243; _module_preset=\u00bbdefault\u00bb header_line_height=\u00bb1.3em\u00bb header_4_font=\u00bbLato|900|||||||\u00bb header_4_text_color=\u00bb#3754a3&#8243; header_4_font_size=\u00bb15px\u00bb header_4_line_height=\u00bb1.6em\u00bb global_colors_info=\u00bb{}\u00bb]<\/p>\n<h4 style=\"text-align: center;\">REPRESENTACION EN FRANCIA DE LAS EMPRESAS DE TRANSPORTES LEY MACRON 2<\/h4>\n<p>[\/et_pb_text][et_pb_blurb _builder_version=\u00bb4.16&#8243; header_font=\u00bbLato|900||on|||||\u00bb header_text_color=\u00bb#3754a3&#8243; header_font_size=\u00bb15px\u00bb header_letter_spacing=\u00bb1px\u00bb header_line_height=\u00bb1.4em\u00bb body_font=\u00bbLato||||||||\u00bb body_text_color=\u00bb#898f99&#8243; body_font_size=\u00bb16px\u00bb body_line_height=\u00bb1.6em\u00bb text_orientation=\u00bbcenter\u00bb custom_margin=\u00bb-14px|||||\u00bb custom_margin_tablet=\u00bb\u00bb custom_margin_phone=\u00bb20px||||false|false\u00bb custom_margin_last_edited=\u00bbon|phone\u00bb custom_padding=\u00bb31px|||||\u00bb animation=\u00bboff\u00bb global_colors_info=\u00bb{}\u00bb]<\/p>\n<ul>\n<li style=\"text-align: left;\">Redacciones de las atestaciones de desplazamiento. Tambi\u00e9n servicios desplazamientos.<\/li>\n<li style=\"text-align: left;\">Representaci\u00f3n de la empresa e interfaz con los diferentes organismos de control.<\/li>\n<li style=\"text-align: left;\">Puesta a disposici\u00f3n de una aplicaci\u00f3n <strong>WEB<\/strong> \u00fanica as\u00ed misma exclusiva para facilitar la gesti\u00f3n de las obligaciones relativas a la documentaci\u00f3n.<\/li>\n<\/ul>\n<p>[\/et_pb_blurb][et_pb_blurb title=\u00bbLuxemburgo\u00bb _builder_version=\u00bb4.16&#8243; header_font=\u00bbLato|900||on|||||\u00bb header_text_align=\u00bbleft\u00bb header_text_color=\u00bb#3754a3&#8243; header_font_size=\u00bb15px\u00bb header_letter_spacing=\u00bb1px\u00bb header_line_height=\u00bb1.4em\u00bb body_font=\u00bbLato||||||||\u00bb body_text_color=\u00bb#898f99&#8243; body_font_size=\u00bb16px\u00bb body_line_height=\u00bb1.6em\u00bb text_orientation=\u00bbcenter\u00bb custom_margin=\u00bb|||\u00bb custom_margin_tablet=\u00bb\u00bb custom_margin_phone=\u00bb20px||||false|false\u00bb custom_margin_last_edited=\u00bbon|phone\u00bb custom_padding=\u00bb|||\u00bb animation=\u00bboff\u00bb global_colors_info=\u00bb{}\u00bb]<\/p>\n<ul>\n<li style=\"text-align: left;\">Realizaci\u00f3n de las declaraciones de desplazamiento;<\/li>\n<li style=\"text-align: left;\">Notificaci\u00f3n de prestaci\u00f3n ocasional<\/li>\n<li style=\"text-align: left;\">Solicitud de informaciones ante los servicios de la inspecci\u00f3n laboral<\/li>\n<\/ul>\n<p>[\/et_pb_blurb][et_pb_blurb title=\u00bbTRADUCCIONES\u00bb title_tablet=\u00bbTRADUCCIONES\u00bb title_phone=\u00bbTRADUCCIONES\u00bb title_last_edited=\u00bbon|phone\u00bb _builder_version=\u00bb4.27.4&#8243; header_font=\u00bbLato|900||on|||||\u00bb header_text_align=\u00bbleft\u00bb header_text_color=\u00bb#3754a3&#8243; header_font_size=\u00bb15px\u00bb header_letter_spacing=\u00bb1px\u00bb header_line_height=\u00bb1.4em\u00bb body_font=\u00bbLato||||||||\u00bb body_text_color=\u00bb#898f99&#8243; body_font_size=\u00bb16px\u00bb body_line_height=\u00bb1.6em\u00bb text_orientation=\u00bbcenter\u00bb custom_margin=\u00bb12px||||false|false\u00bb custom_margin_tablet=\u00bb\u00bb custom_margin_phone=\u00bb15px||||false|false\u00bb custom_margin_last_edited=\u00bbon|phone\u00bb custom_padding=\u00bb17px|||||\u00bb animation=\u00bboff\u00bb global_colors_info=\u00bb{}\u00bb]<\/p>\n<ul>\n<li style=\"text-align: left;\">FRANC\u00c9S\u00a0<img loading=\"lazy\" decoding=\"async\" src=\"https:\/\/www.ciba-services.fr\/wp-content\/uploads\/2020\/11\/traduccion-frances-gestoria-francia-03.png\" alt=\"Servicios desplazamientos representacion fiscal y aduana en europa importacion y exportacion declaraciones bienes y servicios traduccion frances de documentos\" width=\"22\" height=\"21\" \/><img \/><\/li>\n<li style=\"text-align: left;\">ESPA\u00d1OL\u00a0<img loading=\"lazy\" decoding=\"async\" src=\"https:\/\/www.ciba-services.fr\/wp-content\/uploads\/2020\/11\/traduccion-espan\u0303ol-ciba-services-francia-02.png\" alt=\"Servicios desplazamientos representacion fiscal y aduana en europa importacion y exportacion declaraciones bienes y servicios traduccion espanol de documentos\" width=\"22\" height=\"21\" \/><img \/><\/li>\n<li style=\"text-align: left;\">INGL\u00c9S\u00a0\u00a0<img loading=\"lazy\" decoding=\"async\" src=\"https:\/\/www.ciba-services.fr\/wp-content\/uploads\/2020\/11\/traduccion-documentacion-ingles-documentacion-04.png\" alt=\"Servicios desplazamientos representacion fiscal y aduana en europa importacion y exportacion declaraciones bienes y servicios traduccion ingles de documentos\" width=\"22\" height=\"21\" \/><\/li>\n<\/ul>\n<p>[\/et_pb_blurb][\/et_pb_column][\/et_pb_row][et_pb_row column_structure=\u00bb1_2,1_2&#8243; use_custom_gutter=\u00bbon\u00bb gutter_width=\u00bb1&#8243; module_id=\u00bbimpuestos\u00bb _builder_version=\u00bb4.27.4&#8243; background_color=\u00bb#ffffff\u00bb background_size=\u00bbinitial\u00bb background_position=\u00bbtop_left\u00bb background_repeat=\u00bbrepeat\u00bb max_width=\u00bb1440px\u00bb custom_margin=\u00bb||||false|false\u00bb custom_padding=\u00bb|0px|41px|0px|false|false\u00bb animation_direction=\u00bbbottom\u00bb border_radii=\u00bbon|NaNpx|NaNpx|NaNpx|NaNpx\u00bb border_color_all=\u00bbrgba(0,0,0,0)\u00bb border_width_top=\u00bb18px\u00bb use_custom_width=\u00bbon\u00bb custom_width_px=\u00bb1440px\u00bb global_colors_info=\u00bb{}\u00bb][et_pb_column type=\u00bb1_2&#8243; _builder_version=\u00bb4.27.4&#8243; custom_padding=\u00bb|40px||40px\u00bb custom_padding_tablet=\u00bb\u00bb custom_padding_phone=\u00bb|20px||20px|false|true\u00bb custom_padding_last_edited=\u00bbon|phone\u00bb global_colors_info=\u00bb{}\u00bb custom_padding__hover=\u00bb|||\u00bb][et_pb_text _builder_version=\u00bb4.27.4&#8243; _module_preset=\u00bbdefault\u00bb header_font=\u00bb|600|||||||\u00bb header_text_color=\u00bb#3754a3&#8243; header_4_font=\u00bb|700|||||||\u00bb header_4_text_color=\u00bb#3754a3&#8243; header_4_font_size=\u00bb16px\u00bb custom_margin=\u00bb||17px|||\u00bb global_colors_info=\u00bb{}\u00bb]<\/p>\n<h4>Myriam Hugues<\/h4>\n<p>FRANC\u00c9S\u00a0\u00a0<img loading=\"lazy\" decoding=\"async\" src=\"https:\/\/www.ciba-services.fr\/wp-content\/uploads\/2020\/11\/traduccion-frances-gestoria-francia-03.png\" alt=\"Servicios desplazamientos representacion fiscal y aduana en europa importacion y exportacion declaraciones bienes y servicios traduccion de documentos\" width=\"22\" height=\"21\" \/><img \/>\u00a0 ESPA\u00d1OL\u00a0<img loading=\"lazy\" decoding=\"async\" src=\"https:\/\/www.ciba-services.fr\/wp-content\/uploads\/2020\/11\/traduccion-espan\u0303ol-ciba-services-francia-02.png\" alt=\"Servicios desplazamientos representacion fiscal y aduana en europa importacion y exportacion declaraciones bienes y servicios traduccion de documentos\" width=\"22\" height=\"21\" \/><img \/>\u00a0 ITALIANO<img loading=\"lazy\" decoding=\"async\" src=\"https:\/\/www.ciba-services.fr\/wp-content\/uploads\/2020\/11\/traduccion-italiano-frances-Frontie\u0300re-franco-espagnole-\u2013-e\u0301tablissement-stable.png\" width=\"22\" height=\"21\" \/><img \/> INGL\u00c9S\u00a0<img loading=\"lazy\" decoding=\"async\" src=\"https:\/\/www.ciba-services.fr\/wp-content\/uploads\/2020\/11\/traduccion-documentacion-ingles-documentacion-04.png\" width=\"22\" height=\"21\" \/><img \/><\/p>\n<p>[\/et_pb_text][et_pb_image src=\u00bbhttps:\/\/www.ciba-services.fr\/wp-content\/uploads\/2020\/10\/check-in-at-work-bulletins-de-salaires-gestion-sociale.jpg\u00bb alt=\u00bbServicios desplazamiento mercancias y trabajadores\u00bb title_text=\u00bbcheck-in-at-work-bulletins-de-salaires-gestion-sociale\u00bb align=\u00bbcenter\u00bb _builder_version=\u00bb4.27.4&#8243; _module_preset=\u00bbdefault\u00bb max_height=\u00bb400px\u00bb custom_margin=\u00bb|4px||||\u00bb custom_padding=\u00bb||||false|false\u00bb global_colors_info=\u00bb{}\u00bb][\/et_pb_image][\/et_pb_column][et_pb_column type=\u00bb1_2&#8243; _builder_version=\u00bb4.16&#8243; custom_padding=\u00bb|40px||40px\u00bb custom_padding_tablet=\u00bb\u00bb custom_padding_phone=\u00bb|20px||20px|false|true\u00bb custom_padding_last_edited=\u00bbon|phone\u00bb global_colors_info=\u00bb{}\u00bb custom_padding__hover=\u00bb|||\u00bb][et_pb_text disabled_on=\u00bboff|off|off\u00bb _builder_version=\u00bb4.27.4&#8243; _module_preset=\u00bbdefault\u00bb header_font=\u00bb|600|||||||\u00bb header_text_color=\u00bb#3754a3&#8243; header_4_font=\u00bb|700|||||||\u00bb header_4_text_color=\u00bb#3754a3&#8243; header_4_font_size=\u00bb16px\u00bb custom_margin=\u00bb||18px|||\u00bb custom_padding=\u00bb17px|||||\u00bb global_colors_info=\u00bb{}\u00bb]<\/p>\n<h4><span>Jessica Cavalcante<\/span><\/h4>\n<p>FRANC\u00c9S\u00a0\u00a0<img loading=\"lazy\" decoding=\"async\" src=\"https:\/\/www.ciba-services.fr\/wp-content\/uploads\/2020\/11\/traduccion-frances-gestoria-francia-03.png\" alt=\"Servicios desplazamientos representacion en francia de empresas de transporte\" width=\"22\" height=\"21\" \/><img \/>\u00a0 \u00a0 ESPA\u00d1OL\u00a0<img loading=\"lazy\" decoding=\"async\" src=\"https:\/\/www.ciba-services.fr\/wp-content\/uploads\/2020\/11\/traduccion-espan\u0303ol-ciba-services-francia-02.png\" alt=\"Servicios desplazamientos\" width=\"22\" height=\"21\" \/><img \/>\u00a0 \u00a0 PORTUGU\u00c9S \u00a0<img loading=\"lazy\" decoding=\"async\" src=\"https:\/\/www.ciba-services.fr\/wp-content\/uploads\/2020\/11\/traduccion-frances-portugues-sie\u0300ge-social-fiscalite\u0301-France-Espagne-fiscalite\u0301-internationale-07.png\" alt=\"Servicios desplazamientos\" width=\"22\" height=\"21\" \/><img \/><\/p>\n<p>[\/et_pb_text][et_pb_image src=\u00bbhttps:\/\/www.ciba-services.fr\/wp-content\/uploads\/2025\/09\/Jessica.jpg\u00bb alt=\u00bbServicios desplazamiento mercancias y trabajadores \u00bb title_text=\u00bbJessica\u00bb align=\u00bbcenter\u00bb disabled_on=\u00bboff|off|off\u00bb _builder_version=\u00bb4.27.4&#8243; _module_preset=\u00bbdefault\u00bb max_height=\u00bb400px\u00bb custom_margin=\u00bb|4px||||\u00bb custom_padding=\u00bb||0px||false|false\u00bb global_colors_info=\u00bb{}\u00bb][\/et_pb_image][\/et_pb_column][\/et_pb_row][et_pb_row _builder_version=\u00bb4.16&#8243; _module_preset=\u00bbdefault\u00bb custom_padding=\u00bb||16px|||\u00bb global_colors_info=\u00bb{}\u00bb][et_pb_column type=\u00bb4_4&#8243; _builder_version=\u00bb4.16&#8243; _module_preset=\u00bbdefault\u00bb global_colors_info=\u00bb{}\u00bb][et_pb_text content_tablet=\u00bb<\/p>\n<h4 style=%22text-align: center;%22>GESTI\u00d3N LABORAL PARA FRANCIA<\/h4>\n<p>\u00bb content_phone=\u00bb<\/p>\n<h4 style=%22text-align: center;%22>GESTI\u00d3N LABORAL PARA FRANCIA<\/h4>\n<p>\u00bb content_last_edited=\u00bbon|phone\u00bb _builder_version=\u00bb4.27.4&#8243; _module_preset=\u00bbdefault\u00bb header_4_font=\u00bb|600|||||||\u00bb global_colors_info=\u00bb{}\u00bb]<\/p>\n<h4 style=\"text-align: center;\">GESTI\u00d3N LABORAL PARA FRANCIA<\/h4>\n<p>[\/et_pb_text][\/et_pb_column][\/et_pb_row][et_pb_row column_structure=\u00bb1_2,1_2&#8243; _builder_version=\u00bb4.16&#8243; _module_preset=\u00bbdefault\u00bb custom_padding=\u00bb0px||11px|||\u00bb global_colors_info=\u00bb{}\u00bb][et_pb_column type=\u00bb1_2&#8243; _builder_version=\u00bb4.16&#8243; _module_preset=\u00bbdefault\u00bb global_colors_info=\u00bb{}\u00bb][et_pb_text _builder_version=\u00bb4.24.0&#8243; _module_preset=\u00bbdefault\u00bb header_font=\u00bb|600|||||||\u00bb header_text_color=\u00bb#3754a3&#8243; header_4_font=\u00bb|700|||||||\u00bb header_4_text_color=\u00bb#3754a3&#8243; header_4_font_size=\u00bb16px\u00bb global_colors_info=\u00bb{}\u00bb]<\/p>\n<h4>Sophie Gelos<\/h4>\n<p>FRANC\u00c9S\u00a0\u00a0<img loading=\"lazy\" decoding=\"async\" src=\"https:\/\/www.ciba-services.fr\/wp-content\/uploads\/2020\/11\/traduccion-frances-gestoria-francia-03.png\" alt=\"Servicios desplazamientos\" width=\"22\" height=\"21\" \/><img \/>\u00a0 \u00a0 ESPA\u00d1OL\u00a0<img loading=\"lazy\" decoding=\"async\" src=\"https:\/\/www.ciba-services.fr\/wp-content\/uploads\/2020\/11\/traduccion-espan\u0303ol-ciba-services-francia-02.png\" alt=\"Servicios desplazamientos\" width=\"22\" height=\"21\" \/><img \/>[\/et_pb_text][et_pb_image src=\u00bbhttps:\/\/www.ciba-services.fr\/wp-content\/uploads\/2025\/09\/SOPHIE.jpg\u00bb alt=\u00bbsoci\u00e9t\u00e9-gestion-comptabilit\u00e9-gestion administrative-repr\u00e9sentant-fiscal-france-hendaye\u00bb title_text=\u00bbSOPHIE\u00bb align=\u00bbcenter\u00bb _builder_version=\u00bb4.27.4&#8243; _module_preset=\u00bbdefault\u00bb max_height=\u00bb400px\u00bb custom_margin=\u00bb|4px||||\u00bb custom_padding=\u00bb||0px||false|false\u00bb global_colors_info=\u00bb{}\u00bb][\/et_pb_image][\/et_pb_column][et_pb_column type=\u00bb1_2&#8243; _builder_version=\u00bb4.16&#8243; _module_preset=\u00bbdefault\u00bb global_colors_info=\u00bb{}\u00bb][et_pb_blurb _builder_version=\u00bb4.16&#8243; header_font=\u00bbLato|900||on|||||\u00bb header_text_color=\u00bb#3754a3&#8243; header_font_size=\u00bb15px\u00bb header_letter_spacing=\u00bb1px\u00bb header_line_height=\u00bb1.4em\u00bb body_font=\u00bbLato||||||||\u00bb body_text_color=\u00bb#898f99&#8243; body_font_size=\u00bb16px\u00bb body_line_height=\u00bb1.6em\u00bb text_orientation=\u00bbcenter\u00bb custom_margin=\u00bb|||\u00bb custom_margin_tablet=\u00bb\u00bb custom_margin_phone=\u00bb20px||||false|false\u00bb custom_margin_last_edited=\u00bbon|phone\u00bb custom_padding=\u00bb20px||||false|false\u00bb animation=\u00bboff\u00bb global_colors_info=\u00bb{}\u00bb]<\/p>\n<ul>\n<li style=\"text-align: left;\">Gesti\u00f3n de las altas.<\/li>\n<li style=\"text-align: left;\">Contratos laborales.<\/li>\n<li style=\"text-align: left;\">Simulaciones de n\u00f3minas.<\/li>\n<li style=\"text-align: left;\">Altas de las empresas ante el organismo que cobra las cotizaciones <strong>(URSSAF).<\/strong><\/li>\n<li style=\"text-align: left;\">Altas de trabajadores ante la seguridad social francesa.\u00a0Servicios desplazamientos<\/li>\n<li style=\"text-align: left;\">Tramitaci\u00f3n de los reconocimientos m\u00e9dicos.<\/li>\n<li style=\"text-align: left;\">Procedimiento de las afiliaciones de las empresas ante organizaci\u00f3n de salud laboral.<\/li>\n<li style=\"text-align: left;\">Afiliaci\u00f3n y cotizaci\u00f3n a la caja de vacaciones de las empresas de construcci\u00f3n.<\/li>\n<\/ul>\n<p>[\/et_pb_blurb][\/et_pb_column][\/et_pb_row][\/et_pb_section][et_pb_section fb_built=\u00bb1&#8243; _builder_version=\u00bb4.16&#8243; custom_padding=\u00bb54px|0px|50px|0px||\u00bb collapsed=\u00bbon\u00bb global_colors_info=\u00bb{}\u00bb][et_pb_row use_custom_gutter=\u00bbon\u00bb gutter_width=\u00bb1&#8243; custom_padding_last_edited=\u00bbon|phone\u00bb module_id=\u00bbfiscal\u00bb _builder_version=\u00bb4.16&#8243; background_color=\u00bb#ffffff\u00bb background_size=\u00bbinitial\u00bb background_position=\u00bbtop_left\u00bb background_repeat=\u00bbrepeat\u00bb max_width=\u00bb1440px\u00bb custom_margin=\u00bb-7%||||false|false\u00bb custom_padding=\u00bb24px|0px|60px|0px||\u00bb custom_padding_tablet=\u00bb\u00bb custom_padding_phone=\u00bb24px|0px|20px|0px|false|false\u00bb animation_direction=\u00bbbottom\u00bb border_radii=\u00bbon|15px|15px|15px|15px\u00bb border_color_all=\u00bb#3c39e6&#8243; border_width_top=\u00bb18px\u00bb box_shadow_style=\u00bbpreset3&#8243; box_shadow_vertical=\u00bb39px\u00bb box_shadow_blur=\u00bb80px\u00bb box_shadow_color=\u00bbrgba(0,0,0,0.1)\u00bb use_custom_width=\u00bbon\u00bb custom_width_px=\u00bb1440px\u00bb global_colors_info=\u00bb{}\u00bb][et_pb_column type=\u00bb4_4&#8243; _builder_version=\u00bb4.16&#8243; custom_padding=\u00bb|40px||40px\u00bb global_colors_info=\u00bb{}\u00bb custom_padding__hover=\u00bb|||\u00bb][et_pb_blurb title=\u00bbFISCAL\u00bb _builder_version=\u00bb4.16&#8243; header_font=\u00bbAbhaya Libre|900||on|||||\u00bb header_text_color=\u00bb#3754a3&#8243; header_font_size=\u00bb28px\u00bb header_letter_spacing=\u00bb1px\u00bb header_line_height=\u00bb1.4em\u00bb body_font=\u00bbLato||||||||\u00bb body_text_color=\u00bb#898f99&#8243; body_font_size=\u00bb16px\u00bb body_line_height=\u00bb1.6em\u00bb text_orientation=\u00bbcenter\u00bb custom_margin=\u00bb|||\u00bb custom_padding=\u00bb|||\u00bb animation=\u00bboff\u00bb global_colors_info=\u00bb{}\u00bb][\/et_pb_blurb][\/et_pb_column][\/et_pb_row][et_pb_row column_structure=\u00bb1_2,1_2&#8243; use_custom_gutter=\u00bbon\u00bb gutter_width=\u00bb1&#8243; _builder_version=\u00bb4.16&#8243; background_color=\u00bb#ffffff\u00bb background_size=\u00bbinitial\u00bb background_position=\u00bbtop_left\u00bb background_repeat=\u00bbrepeat\u00bb max_width=\u00bb1440px\u00bb min_height=\u00bb310px\u00bb custom_margin=\u00bb-10%|||\u00bb custom_padding=\u00bb74px|0px|24px|0px||\u00bb animation_direction=\u00bbbottom\u00bb border_radii=\u00bbon|NaNpx|NaNpx|NaNpx|NaNpx\u00bb border_color_all=\u00bbrgba(0,0,0,0)\u00bb border_width_top=\u00bb18px\u00bb use_custom_width=\u00bbon\u00bb custom_width_px=\u00bb1440px\u00bb global_colors_info=\u00bb{}\u00bb][et_pb_column type=\u00bb1_2&#8243; _builder_version=\u00bb4.16&#8243; custom_padding=\u00bb|40px||40px\u00bb custom_padding_tablet=\u00bb\u00bb custom_padding_phone=\u00bb|20px||20px|false|true\u00bb custom_padding_last_edited=\u00bbon|phone\u00bb global_colors_info=\u00bb{}\u00bb custom_padding__hover=\u00bb|||\u00bb][et_pb_blurb title=\u00bbREPRESENTACION FISCAL FRANCIA\u00bb _builder_version=\u00bb4.16&#8243; header_font=\u00bbLato|900||on|||||\u00bb header_text_align=\u00bbleft\u00bb header_text_color=\u00bb#3754a3&#8243; header_font_size=\u00bb15px\u00bb header_letter_spacing=\u00bb1px\u00bb header_line_height=\u00bb1.4em\u00bb body_font=\u00bbLato||||||||\u00bb body_text_color=\u00bb#898f99&#8243; body_font_size=\u00bb16px\u00bb body_line_height=\u00bb1.6em\u00bb text_orientation=\u00bbcenter\u00bb custom_margin=\u00bb|||\u00bb custom_margin_tablet=\u00bb\u00bb custom_margin_phone=\u00bb15px||||false|false\u00bb custom_margin_last_edited=\u00bbon|phone\u00bb custom_padding=\u00bb|||\u00bb animation=\u00bboff\u00bb global_colors_info=\u00bb{}\u00bb]<\/p>\n<ul>\n<li style=\"text-align: left;\">Altas al <strong>IVA<\/strong><\/li>\n<li style=\"text-align: left;\">Procedimiento trimestral o mensual de las declaraciones del <strong>IVA<\/strong><\/li>\n<li style=\"text-align: left;\">Bajas del registro de <strong>IVA en Francia<\/strong><\/li>\n<li style=\"text-align: left;\">Solicitudes de devoluci\u00f3n del<strong> IVA<\/strong><\/li>\n<\/ul>\n<p>[\/et_pb_blurb][et_pb_blurb title=\u00bbREPRESENTACION FISCAL Luxemburgo\u00bb _builder_version=\u00bb4.16&#8243; header_font=\u00bbLato|900||on|||||\u00bb header_text_align=\u00bbleft\u00bb header_text_color=\u00bb#3754a3&#8243; header_font_size=\u00bb15px\u00bb header_letter_spacing=\u00bb1px\u00bb header_line_height=\u00bb1.4em\u00bb body_font=\u00bbLato||||||||\u00bb body_text_color=\u00bb#898f99&#8243; body_font_size=\u00bb16px\u00bb body_line_height=\u00bb1.6em\u00bb text_orientation=\u00bbcenter\u00bb custom_margin=\u00bb|||\u00bb custom_padding=\u00bb|||\u00bb animation=\u00bboff\u00bb global_colors_info=\u00bb{}\u00bb]<\/p>\n<ul>\n<li style=\"text-align: left;\">Altas al <strong>IVA<\/strong><\/li>\n<li style=\"text-align: left;\">Gesti\u00f3n trimestral o mensual de las declaraciones del <strong>IVA<\/strong><\/li>\n<li style=\"text-align: left;\">Bajas del registro de<strong> IVA\u00a0<\/strong><\/li>\n<li style=\"text-align: left;\">Solicitudes de devoluci\u00f3n del <strong>IVA<\/strong><\/li>\n<\/ul>\n<p>[\/et_pb_blurb][et_pb_blurb title=\u00bbREPRESENTACION FISCAL B\u00e9lgica\u00bb _builder_version=\u00bb4.27.4&#8243; header_font=\u00bbLato|900||on|||||\u00bb header_text_align=\u00bbleft\u00bb header_text_color=\u00bb#3754a3&#8243; header_font_size=\u00bb15px\u00bb header_letter_spacing=\u00bb1px\u00bb header_line_height=\u00bb1.4em\u00bb body_font=\u00bbLato||||||||\u00bb body_text_color=\u00bb#898f99&#8243; body_font_size=\u00bb16px\u00bb body_line_height=\u00bb1.6em\u00bb text_orientation=\u00bbcenter\u00bb custom_margin=\u00bb|||\u00bb custom_margin_tablet=\u00bb\u00bb custom_margin_phone=\u00bb20px||||false|false\u00bb custom_margin_last_edited=\u00bbon|phone\u00bb custom_padding=\u00bb|||\u00bb animation=\u00bboff\u00bb global_colors_info=\u00bb{}\u00bb]<\/p>\n<ul>\n<li style=\"text-align: left;\">Elaboraci\u00f3n de la declaraci\u00f3n limosa<\/li>\n<li style=\"text-align: left;\">Representaci\u00f3n y relaci\u00f3n con los servicios de la inspecci\u00f3n laboral y minas<\/li>\n<li style=\"text-align: left;\">Check in at work<\/li>\n<li style=\"text-align: left;\">Declaraciones de apertura de obra <strong>art 30 bis<\/strong><\/li>\n<\/ul>\n<p>[\/et_pb_blurb][\/et_pb_column][et_pb_column type=\u00bb1_2&#8243; _builder_version=\u00bb4.16&#8243; custom_padding=\u00bb|40px||40px\u00bb custom_padding_tablet=\u00bb\u00bb custom_padding_phone=\u00bb|20px||20px|false|true\u00bb custom_padding_last_edited=\u00bbon|phone\u00bb global_colors_info=\u00bb{}\u00bb custom_padding__hover=\u00bb|||\u00bb][et_pb_blurb title=\u00bbCREACION Y GESTION DE SUCCURSALES Y FILIALES\u00bb _builder_version=\u00bb4.16&#8243; header_font=\u00bbLato|900||on|||||\u00bb header_text_align=\u00bbleft\u00bb header_text_color=\u00bb#3754a3&#8243; header_font_size=\u00bb15px\u00bb header_letter_spacing=\u00bb1px\u00bb header_line_height=\u00bb1.4em\u00bb body_font=\u00bbLato||||||||\u00bb body_text_color=\u00bb#898f99&#8243; body_font_size=\u00bb16px\u00bb body_line_height=\u00bb1.6em\u00bb text_orientation=\u00bbcenter\u00bb custom_margin=\u00bb|||\u00bb custom_padding=\u00bb|||\u00bb animation=\u00bboff\u00bb global_colors_info=\u00bb{}\u00bb]<\/p>\n<ul>\n<li style=\"text-align: left;\">Creaci\u00f3n de sucursales o filiales<\/li>\n<li style=\"text-align: left;\">Domiciliaci\u00f3n con autorizaci\u00f3n de la prefectura<\/li>\n<li style=\"text-align: left;\">Recepci\u00f3n, gesti\u00f3n y adem\u00e1s transferencia del correo<\/li>\n<li style=\"text-align: left;\">Tramitaci\u00f3n administrativa<\/li>\n<li style=\"text-align: left;\">Secretaria contable<\/li>\n<li style=\"text-align: left;\">Declaraciones de<strong> IVA<\/strong><\/li>\n<li style=\"text-align: left;\">Revisi\u00f3n de las cuentas y tambi\u00e9n declaraciones fiscales establecidas por el auditor con quien colaboramos<\/li>\n<\/ul>\n<p>[\/et_pb_blurb][\/et_pb_column][\/et_pb_row][et_pb_row column_structure=\u00bb1_3,1_3,1_3&#8243; _builder_version=\u00bb4.16&#8243; _module_preset=\u00bbdefault\u00bb custom_padding=\u00bb||40px|||\u00bb global_colors_info=\u00bb{}\u00bb][et_pb_column type=\u00bb1_3&#8243; _builder_version=\u00bb4.16&#8243; _module_preset=\u00bbdefault\u00bb global_colors_info=\u00bb{}\u00bb][et_pb_text _builder_version=\u00bb4.24.0&#8243; _module_preset=\u00bbdefault\u00bb header_font=\u00bb|600|||||||\u00bb header_text_color=\u00bb#3754a3&#8243; header_4_font=\u00bb|700|||||||\u00bb header_4_text_color=\u00bb#3754a3&#8243; header_4_font_size=\u00bb16px\u00bb global_colors_info=\u00bb{}\u00bb]<\/p>\n<h4>Ramuntxo Hacala<\/h4>\n<p>FRANC\u00c9S\u00a0\u00a0<img loading=\"lazy\" decoding=\"async\" src=\"https:\/\/www.ciba-services.fr\/wp-content\/uploads\/2020\/11\/traduccion-frances-gestoria-francia-03.png\" alt=\"Servicios desplazamientos representacion fiscal\" width=\"22\" height=\"21\" \/><img \/>\u00a0 \u00a0ESPA\u00d1OL\u00a0<img loading=\"lazy\" decoding=\"async\" src=\"https:\/\/www.ciba-services.fr\/wp-content\/uploads\/2020\/11\/traduccion-espan\u0303ol-ciba-services-francia-02.png\" alt=\"Servicios desplazamientos representacion fiscal\" width=\"22\" height=\"21\" \/><img \/>\u00a0 \u00a0 INGL\u00c9S\u00a0\u00a0<img loading=\"lazy\" decoding=\"async\" src=\"https:\/\/www.ciba-services.fr\/wp-content\/uploads\/2020\/11\/traduccion-documentacion-ingles-documentacion-04.png\" alt=\"Servicios desplazamientos representacion fiscal\" width=\"22\" height=\"21\" \/><img \/>[\/et_pb_text][et_pb_image src=\u00bbhttps:\/\/www.ciba-services.fr\/wp-content\/uploads\/2020\/10\/Agente-de-aduana-transitario-importacion-exportacion.jpg\u00bb alt=\u00bbServicios desplazamiento mercancias y trabajadores\u00bb title_text=\u00bbAgent en douane-transitaire-import-export\u00bb align=\u00bbcenter\u00bb _builder_version=\u00bb4.16&#8243; _module_preset=\u00bbdefault\u00bb max_height=\u00bb400px\u00bb custom_margin=\u00bb|4px||||\u00bb custom_padding=\u00bb||0px||false|false\u00bb global_colors_info=\u00bb{}\u00bb][\/et_pb_image][\/et_pb_column][et_pb_column type=\u00bb1_3&#8243; _builder_version=\u00bb4.16&#8243; _module_preset=\u00bbdefault\u00bb global_colors_info=\u00bb{}\u00bb][et_pb_text _builder_version=\u00bb4.16&#8243; _module_preset=\u00bbdefault\u00bb header_font=\u00bb|600|||||||\u00bb header_text_color=\u00bb#3754a3&#8243; header_4_font=\u00bb|700|||||||\u00bb header_4_text_color=\u00bb#3754a3&#8243; header_4_font_size=\u00bb16px\u00bb global_colors_info=\u00bb{}\u00bb]<\/p>\n<h4>Teresa Azurza<\/h4>\n<p>FRANC\u00c9S\u00a0\u00a0<img loading=\"lazy\" decoding=\"async\" src=\"https:\/\/www.ciba-services.fr\/wp-content\/uploads\/2020\/11\/traduccion-frances-gestoria-francia-03.png\"alt=\"Servicios desplazamientos representacion fiscal\"  width=\"22\" height=\"21\" \/><img \/>\u00a0 \u00a0ESPA\u00d1OL\u00a0<img loading=\"lazy\" decoding=\"async\" src=\"https:\/\/www.ciba-services.fr\/wp-content\/uploads\/2020\/11\/traduccion-espan\u0303ol-ciba-services-francia-02.png\" alt=\"Servicios desplazamientos representacion fiscal\"  width=\"22\" height=\"21\" \/><img \/>\u00a0 \u00a0 INGL\u00c9S\u00a0 \u00a0<img loading=\"lazy\" decoding=\"async\" src=\"https:\/\/www.ciba-services.fr\/wp-content\/uploads\/2020\/11\/traduccion-documentacion-ingles-documentacion-04.png\" alt=\"Servicios desplazamientos representacion fiscal\"  width=\"22\" height=\"21\" \/><img \/><\/p>\n<p>[\/et_pb_text][et_pb_image src=\u00bbhttps:\/\/www.ciba-services.fr\/wp-content\/uploads\/2020\/10\/fiscalidad-Francia-Espan\u0303a-fiscalidad-ciba-service.jpg\u00bb alt=\u00bbServicios desplazamiento mercancias y trabajadores\u00bb title_text=\u00bbfiscalit\u00e9-france-espagne-fiscalit\u00e9-service-ciba\u00bb align=\u00bbcenter\u00bb _builder_version=\u00bb4.16&#8243; _module_preset=\u00bbdefault\u00bb max_height=\u00bb400px\u00bb custom_margin=\u00bb|4px||||\u00bb custom_padding=\u00bb||0px||false|false\u00bb global_colors_info=\u00bb{}\u00bb][\/et_pb_image][\/et_pb_column][et_pb_column type=\u00bb1_3&#8243; _builder_version=\u00bb4.16&#8243; _module_preset=\u00bbdefault\u00bb global_colors_info=\u00bb{}\u00bb][et_pb_text _builder_version=\u00bb4.27.4&#8243; _module_preset=\u00bbdefault\u00bb header_font=\u00bb|600|||||||\u00bb header_text_color=\u00bb#3754a3&#8243; header_4_font=\u00bb|700|||||||\u00bb header_4_text_color=\u00bb#3754a3&#8243; header_4_font_size=\u00bb16px\u00bb global_colors_info=\u00bb{}\u00bb]<\/p>\n<h4><span>Txomin Douat<\/span><\/h4>\n<p>FRANC\u00c9S\u00a0\u00a0<img loading=\"lazy\" decoding=\"async\" src=\"https:\/\/www.ciba-services.fr\/wp-content\/uploads\/2020\/11\/traduccion-frances-gestoria-francia-03.png\" alt=\"Servicios desplazamientos representacion fiscal europa\" width=\"22\" height=\"21\" \/><img \/>\u00a0 \u00a0ESPA\u00d1OL\u00a0<img loading=\"lazy\" decoding=\"async\" src=\"https:\/\/www.ciba-services.fr\/wp-content\/uploads\/2020\/11\/traduccion-espan\u0303ol-ciba-services-francia-02.png\" alt=\"Servicios desplazamientos representacion fiscal europa\" width=\"22\" height=\"21\" \/><img \/> <img \/><\/p>\n<p>[\/et_pb_text][et_pb_image src=\u00bbhttps:\/\/www.ciba-services.fr\/wp-content\/uploads\/2025\/09\/FOTO-3-TXOMIN.jpg\u00bb alt=\u00bbServicios desplazamiento mercancias y trabajadores\u00bb title_text=\u00bbFOTO 3 TXOMIN\u00bb align=\u00bbcenter\u00bb _builder_version=\u00bb4.27.4&#8243; _module_preset=\u00bbdefault\u00bb max_height=\u00bb400px\u00bb custom_margin=\u00bb|4px||||\u00bb custom_padding=\u00bb||0px||false|false\u00bb global_colors_info=\u00bb{}\u00bb][\/et_pb_image][\/et_pb_column][\/et_pb_row][\/et_pb_section][et_pb_section fb_built=\u00bb1&#8243; _builder_version=\u00bb4.16&#8243; custom_padding=\u00bb54px|0px|49px|0px||\u00bb collapsed=\u00bbon\u00bb global_colors_info=\u00bb{}\u00bb][et_pb_row use_custom_gutter=\u00bbon\u00bb gutter_width=\u00bb1&#8243; custom_padding_last_edited=\u00bbon|phone\u00bb module_id=\u00bbaduana\u00bb _builder_version=\u00bb4.16&#8243; background_color=\u00bb#ffffff\u00bb background_size=\u00bbinitial\u00bb background_position=\u00bbtop_left\u00bb background_repeat=\u00bbrepeat\u00bb max_width=\u00bb1440px\u00bb custom_margin=\u00bb-8%||||false|false\u00bb custom_padding=\u00bb24px|0px|60px|0px||\u00bb custom_padding_tablet=\u00bb\u00bb custom_padding_phone=\u00bb24px|0px|20px|0px|false|false\u00bb animation_direction=\u00bbbottom\u00bb border_radii=\u00bbon|15px|15px|15px|15px\u00bb border_color_all=\u00bb#3c39e6&#8243; border_width_top=\u00bb18px\u00bb box_shadow_style=\u00bbpreset3&#8243; box_shadow_vertical=\u00bb39px\u00bb box_shadow_blur=\u00bb80px\u00bb box_shadow_color=\u00bbrgba(0,0,0,0.1)\u00bb use_custom_width=\u00bbon\u00bb custom_width_px=\u00bb1440px\u00bb global_colors_info=\u00bb{}\u00bb][et_pb_column type=\u00bb4_4&#8243; _builder_version=\u00bb4.16&#8243; custom_padding=\u00bb|40px||40px\u00bb global_colors_info=\u00bb{}\u00bb custom_padding__hover=\u00bb|||\u00bb][et_pb_blurb title=\u00bbDECLARACIONES ADUANA \/ DEB\u00bb _builder_version=\u00bb4.27.4&#8243; header_font=\u00bbAbhaya Libre|900||on|||||\u00bb header_text_color=\u00bb#3754a3&#8243; header_font_size=\u00bb27px\u00bb header_letter_spacing=\u00bb1px\u00bb header_line_height=\u00bb1.4em\u00bb body_font=\u00bbLato||||||||\u00bb body_text_color=\u00bb#898f99&#8243; body_font_size=\u00bb16px\u00bb body_line_height=\u00bb1.6em\u00bb text_orientation=\u00bbcenter\u00bb custom_margin=\u00bb|||\u00bb custom_padding=\u00bb|||\u00bb animation=\u00bboff\u00bb header_font_size_tablet=\u00bb27px\u00bb header_font_size_phone=\u00bb25px\u00bb header_font_size_last_edited=\u00bbon|phone\u00bb global_colors_info=\u00bb{}\u00bb][\/et_pb_blurb][\/et_pb_column][\/et_pb_row][et_pb_row column_structure=\u00bb1_2,1_2&#8243; use_custom_gutter=\u00bbon\u00bb gutter_width=\u00bb1&#8243; make_equal=\u00bbon\u00bb _builder_version=\u00bb4.16&#8243; background_color=\u00bb#ffffff\u00bb background_size=\u00bbinitial\u00bb background_position=\u00bbtop_left\u00bb background_repeat=\u00bbrepeat\u00bb max_width=\u00bb1427px\u00bb module_alignment=\u00bbcenter\u00bb custom_margin=\u00bb-7.3%|auto||auto|false|false\u00bb custom_padding=\u00bb20px|0px|30px|0px|false|false\u00bb animation_direction=\u00bbbottom\u00bb border_radii=\u00bbon|NaNpx|NaNpx|NaNpx|NaNpx\u00bb border_color_all=\u00bbrgba(0,0,0,0)\u00bb border_width_top=\u00bb18px\u00bb use_custom_width=\u00bbon\u00bb custom_width_px=\u00bb1440px\u00bb global_colors_info=\u00bb{}\u00bb][et_pb_column type=\u00bb1_2&#8243; _builder_version=\u00bb4.16&#8243; custom_padding=\u00bb|31px||40px|false|false\u00bb global_colors_info=\u00bb{}\u00bb custom_padding__hover=\u00bb|||\u00bb][et_pb_blurb title=\u00bbDECLARACIONES EN ADUANA\u00bb _builder_version=\u00bb4.16&#8243; header_font=\u00bbLato|900||on|||||\u00bb header_text_align=\u00bbleft\u00bb header_text_color=\u00bb#3754a3&#8243; header_font_size=\u00bb15px\u00bb header_letter_spacing=\u00bb1px\u00bb header_line_height=\u00bb1.4em\u00bb body_font=\u00bbLato||||||||\u00bb body_text_color=\u00bb#898f99&#8243; body_font_size=\u00bb16px\u00bb body_line_height=\u00bb1.6em\u00bb text_orientation=\u00bbcenter\u00bb custom_margin=\u00bb|||\u00bb custom_padding=\u00bb42px|||||\u00bb animation=\u00bboff\u00bb global_colors_info=\u00bb{}\u00bb]<\/p>\n<ul>\n<li style=\"text-align: left;\">Despachos de importaci\u00f3n<\/li>\n<li style=\"text-align: left;\">Despachos de exportaci\u00f3n<\/li>\n<li style=\"text-align: left;\">Tramitaci\u00f3n de las solicitudes del estatuto OEA<\/li>\n<li style=\"text-align: left;\">Almac\u00e9n aduanero<\/li>\n<\/ul>\n<p>[\/et_pb_blurb][\/et_pb_column][et_pb_column type=\u00bb1_2&#8243; _builder_version=\u00bb4.16&#8243; custom_padding=\u00bb|34px||34px|false|false\u00bb global_colors_info=\u00bb{}\u00bb custom_padding__hover=\u00bb|||\u00bb][\/et_pb_column][\/et_pb_row][et_pb_row column_structure=\u00bb1_2,1_2&#8243; _builder_version=\u00bb4.27.4&#8243; _module_preset=\u00bbdefault\u00bb global_colors_info=\u00bb{}\u00bb][et_pb_column type=\u00bb1_2&#8243; _builder_version=\u00bb4.27.4&#8243; _module_preset=\u00bbdefault\u00bb global_colors_info=\u00bb{}\u00bb][et_pb_text _builder_version=\u00bb4.27.4&#8243; _module_preset=\u00bbdefault\u00bb header_font=\u00bb|600|||||||\u00bb header_text_color=\u00bb#3754a3&#8243; header_4_font=\u00bb|700|||||||\u00bb header_4_text_color=\u00bb#3754a3&#8243; header_4_font_size=\u00bb16px\u00bb custom_margin=\u00bb|||40px|false|false\u00bb custom_margin_tablet=\u00bb|||40px|false|false\u00bb custom_margin_phone=\u00bb|||0px|false|false\u00bb custom_margin_last_edited=\u00bbon|desktop\u00bb custom_padding=\u00bb|||0px|false|false\u00bb global_colors_info=\u00bb{}\u00bb]<\/p>\n<h4>Filipe Mota<\/h4>\n<p>FRANC\u00c9S<img loading=\"lazy\" decoding=\"async\" src=\"https:\/\/www.ciba-services.fr\/wp-content\/uploads\/2020\/11\/traduccion-frances-gestoria-francia-03.png\" alt=\"Servicios desplazamientos representacion fiscal y aduana en europa\" width=\"22\" height=\"21\" \/><img \/>\u00a0ESPA\u00d1OL<img loading=\"lazy\" decoding=\"async\" src=\"https:\/\/www.ciba-services.fr\/wp-content\/uploads\/2020\/11\/traduccion-espan\u0303ol-ciba-services-francia-02.png\" alt=\"Servicios desplazamientos representacion fiscal y aduana en europa\" width=\"22\" height=\"21\" \/><img \/>\u00a0PORTUG\u00c9S<img loading=\"lazy\" decoding=\"async\" src=\"https:\/\/www.ciba-services.fr\/wp-content\/uploads\/2020\/11\/traduccion-frances-portugues-sie\u0300ge-social-fiscalite\u0301-France-Espagne-fiscalite\u0301-internationale-07.png\" alt=\"Servicios desplazamientos representacion fiscal y aduana en europa\" width=\"22\" height=\"21\" \/><img \/>\u00a0INGL\u00c9S<img loading=\"lazy\" decoding=\"async\" src=\"https:\/\/www.ciba-services.fr\/wp-content\/uploads\/2020\/11\/traduccion-documentacion-ingles-documentacion-04.png\" alt=\"Servicios desplazamientos representacion fiscal y aduana en europa almacen aduanero\" width=\"22\" height=\"21\" \/><img \/><\/p>\n<p>[\/et_pb_text][et_pb_image src=\u00bbhttps:\/\/www.ciba-services.fr\/wp-content\/uploads\/2020\/10\/Douane-Agent-en-douanes-transitaire-commissionnaire-douane-importation.jpg\u00bb alt=\u00bbServicios desplazamiento mercancias y trabajadores\u00bb title_text=\u00bbcheck-in-at-work-bulletins-de-salaires-gestion-sociale\u00bb align=\u00bbcenter\u00bb _builder_version=\u00bb4.16&#8243; _module_preset=\u00bbdefault\u00bb max_height=\u00bb400px\u00bb custom_margin=\u00bb0px|4px|||false|false\u00bb custom_padding=\u00bb25px||0px||false|false\u00bb global_colors_info=\u00bb{}\u00bb][\/et_pb_image][\/et_pb_column][et_pb_column type=\u00bb1_2&#8243; _builder_version=\u00bb4.27.4&#8243; _module_preset=\u00bbdefault\u00bb global_colors_info=\u00bb{}\u00bb][et_pb_text _builder_version=\u00bb4.27.4&#8243; _module_preset=\u00bbdefault\u00bb header_font=\u00bb|600|||||||\u00bb header_text_color=\u00bb#3754a3&#8243; header_4_font=\u00bb|700|||||||\u00bb header_4_text_color=\u00bb#3754a3&#8243; header_4_font_size=\u00bb16px\u00bb custom_margin=\u00bb|||40px|false|false\u00bb custom_margin_tablet=\u00bb|||40px|false|false\u00bb custom_margin_phone=\u00bb|||0px|false|false\u00bb custom_margin_last_edited=\u00bbon|phone\u00bb custom_padding=\u00bb||||false|false\u00bb global_colors_info=\u00bb{}\u00bb]<\/p>\n<h4>Remi Andrieux<\/h4>\n<p>FRANC\u00c9S\u00a0<img loading=\"lazy\" decoding=\"async\" src=\"https:\/\/www.ciba-services.fr\/wp-content\/uploads\/2020\/11\/traduccion-frances-gestoria-francia-03.png\" alt=\"Servicios desplazamientos representacion fiscal y aduana en europa importacion y exportacion\" width=\"22\" height=\"21\" \/><img \/>\u00a0ESPA\u00d1OL\u00a0<img loading=\"lazy\" decoding=\"async\" src=\"https:\/\/www.ciba-services.fr\/wp-content\/uploads\/2020\/11\/traduccion-espan\u0303ol-ciba-services-francia-02.png\" alt=\"Servicios desplazamientos representacion fiscal y aduana en europa importacion y exportacion\" width=\"22\" height=\"21\" \/><img \/>\u00a0INGL\u00c9S\u00a0<img loading=\"lazy\" decoding=\"async\" src=\"https:\/\/www.ciba-services.fr\/wp-content\/uploads\/2020\/11\/traduccion-documentacion-ingles-documentacion-04.png\" alt=\"Servicios desplazamientos representacion fiscal y aduana en europa importacion y exportacion\" width=\"22\" height=\"21\" \/><img \/><\/p>\n<p>[\/et_pb_text][et_pb_image src=\u00bbhttps:\/\/www.ciba-services.fr\/wp-content\/uploads\/2020\/10\/altas-TVA-Altas-IVA-establecimiento-secundario.jpg\u00bb alt=\u00bbServicios desplazamiento mercancias y trabajadores\u00bb title_text=\u00bbhaute-TVA-haute-TVA-\u00e9tablissement-secondaire haute Ver tambi\u00e9n haut\u00bb align=\u00bbcenter\u00bb _builder_version=\u00bb4.16&#8243; _module_preset=\u00bbdefault\u00bb max_height=\u00bb400px\u00bb custom_margin=\u00bb|4px||||\u00bb custom_padding=\u00bb25px||0px||false|false\u00bb global_colors_info=\u00bb{}\u00bb][\/et_pb_image][\/et_pb_column][\/et_pb_row][et_pb_row column_structure=\u00bb1_2,1_2&#8243; _builder_version=\u00bb4.16&#8243; _module_preset=\u00bbdefault\u00bb custom_padding=\u00bb||40px|||\u00bb global_colors_info=\u00bb{}\u00bb][et_pb_column type=\u00bb1_2&#8243; _builder_version=\u00bb4.16&#8243; _module_preset=\u00bbdefault\u00bb global_colors_info=\u00bb{}\u00bb][et_pb_text _builder_version=\u00bb4.27.4&#8243; _module_preset=\u00bbdefault\u00bb header_font=\u00bb|600|||||||\u00bb header_text_color=\u00bb#3754a3&#8243; header_4_font=\u00bb|700|||||||\u00bb header_4_text_color=\u00bb#3754a3&#8243; header_4_font_size=\u00bb16px\u00bb custom_margin=\u00bb||13px|||\u00bb custom_padding=\u00bb3px||||false|false\u00bb global_colors_info=\u00bb{}\u00bb]<\/p>\n<h4><span>Elene Gremillet<\/span><\/h4>\n<p>FRANC\u00c9S\u00a0<img loading=\"lazy\" decoding=\"async\" src=\"https:\/\/www.ciba-services.fr\/wp-content\/uploads\/2020\/11\/traduccion-frances-gestoria-francia-03.png\" alt=\"Servicios desplazamientos representacion fiscal y aduana en europa importacion y exportacion declaraciones bienes y servicios\" width=\"22\" height=\"21\" \/><img \/>\u00a0ESPA\u00d1OL\u00a0<img loading=\"lazy\" decoding=\"async\" src=\"https:\/\/www.ciba-services.fr\/wp-content\/uploads\/2020\/11\/traduccion-espan\u0303ol-ciba-services-francia-02.png\" alt=\"Servicios desplazamientos representacion fiscal y aduana en europa importacion y exportacion declaraciones bienes y servicios\" width=\"22\" height=\"21\" \/><img \/><\/p>\n<p>[\/et_pb_text][et_pb_image src=\u00bbhttps:\/\/www.ciba-services.fr\/wp-content\/uploads\/2025\/09\/FOTO4-ELENA.jpg\u00bb alt=\u00bbServicios desplazamiento mercancias y trabajadores\u00bb title_text=\u00bbFOTO4 ELENA\u00bb align=\u00bbcenter\u00bb _builder_version=\u00bb4.27.4&#8243; _module_preset=\u00bbdefault\u00bb max_height=\u00bb400px\u00bb custom_margin=\u00bb|4px||||\u00bb custom_padding=\u00bb0px||0px||false|false\u00bb global_colors_info=\u00bb{}\u00bb][\/et_pb_image][\/et_pb_column][et_pb_column type=\u00bb1_2&#8243; _builder_version=\u00bb4.16&#8243; _module_preset=\u00bbdefault\u00bb global_colors_info=\u00bb{}\u00bb][et_pb_blurb title=\u00bbDEB\/DES MENSUALES\u00bb _builder_version=\u00bb4.16&#8243; header_font=\u00bbLato|900||on|||||\u00bb header_text_color=\u00bb#3754a3&#8243; header_font_size=\u00bb15px\u00bb header_letter_spacing=\u00bb1px\u00bb header_line_height=\u00bb1.4em\u00bb body_font=\u00bbLato||||||||\u00bb body_text_color=\u00bb#898f99&#8243; body_font_size=\u00bb16px\u00bb body_line_height=\u00bb1.6em\u00bb text_orientation=\u00bbcenter\u00bb custom_margin=\u00bb|||\u00bb custom_margin_tablet=\u00bb\u00bb custom_margin_phone=\u00bb15px||||false|false\u00bb custom_margin_last_edited=\u00bbon|phone\u00bb custom_padding=\u00bb50px|||||\u00bb animation=\u00bboff\u00bb global_colors_info=\u00bb{}\u00bb]<\/p>\n<ul>\n<li style=\"text-align: left;\">Declaraciones Intrastat de bienes<\/li>\n<li style=\"text-align: left;\">Declaraciones Intrastat de servicios<\/li>\n<\/ul>\n<p>[\/et_pb_blurb][\/et_pb_column][\/et_pb_row][\/et_pb_section][et_pb_section fb_built=\u00bb1&#8243; _builder_version=\u00bb4.16&#8243; custom_padding=\u00bb54px|0px|50px|0px||\u00bb collapsed=\u00bbon\u00bb global_colors_info=\u00bb{}\u00bb][et_pb_row use_custom_gutter=\u00bbon\u00bb gutter_width=\u00bb1&#8243; custom_padding_last_edited=\u00bbon|phone\u00bb module_id=\u00bbimpuestos\u00bb _builder_version=\u00bb4.16&#8243; background_color=\u00bb#ffffff\u00bb background_size=\u00bbinitial\u00bb background_position=\u00bbtop_left\u00bb background_repeat=\u00bbrepeat\u00bb max_width=\u00bb1440px\u00bb custom_margin=\u00bb-9%||||false|false\u00bb custom_padding=\u00bb24px|0px|60px|0px||\u00bb custom_padding_tablet=\u00bb\u00bb custom_padding_phone=\u00bb24px|0px|20px|0px|false|false\u00bb animation_direction=\u00bbbottom\u00bb border_radii=\u00bbon|15px|15px|15px|15px\u00bb border_color_all=\u00bb#3c39e6&#8243; border_width_top=\u00bb18px\u00bb box_shadow_style=\u00bbpreset3&#8243; box_shadow_vertical=\u00bb39px\u00bb box_shadow_blur=\u00bb80px\u00bb box_shadow_color=\u00bbrgba(0,0,0,0.1)\u00bb use_custom_width=\u00bbon\u00bb custom_width_px=\u00bb1440px\u00bb global_colors_info=\u00bb{}\u00bb][et_pb_column type=\u00bb4_4&#8243; _builder_version=\u00bb4.16&#8243; custom_padding=\u00bb|40px||40px\u00bb global_colors_info=\u00bb{}\u00bb custom_padding__hover=\u00bb|||\u00bb][et_pb_blurb title=\u00bbGESTI\u00d3N DE IMPUESTOS ESPECIALES\u00bb _builder_version=\u00bb4.16&#8243; header_font=\u00bbAbhaya Libre|900||on|||||\u00bb header_text_color=\u00bb#3754a3&#8243; header_font_size=\u00bb28px\u00bb header_letter_spacing=\u00bb1px\u00bb header_line_height=\u00bb1.4em\u00bb body_font=\u00bbLato||||||||\u00bb body_text_color=\u00bb#898f99&#8243; body_font_size=\u00bb16px\u00bb body_line_height=\u00bb1.6em\u00bb text_orientation=\u00bbcenter\u00bb custom_margin=\u00bb|||\u00bb custom_padding=\u00bb|||\u00bb animation=\u00bboff\u00bb global_colors_info=\u00bb{}\u00bb][\/et_pb_blurb][\/et_pb_column][\/et_pb_row][et_pb_row column_structure=\u00bb1_2,1_2&#8243; use_custom_gutter=\u00bbon\u00bb gutter_width=\u00bb1&#8243; module_id=\u00bbimpuestos\u00bb _builder_version=\u00bb4.16&#8243; background_color=\u00bb#ffffff\u00bb background_size=\u00bbinitial\u00bb background_position=\u00bbtop_left\u00bb background_repeat=\u00bbrepeat\u00bb max_width=\u00bb1440px\u00bb custom_margin=\u00bb-10%|||\u00bb custom_padding=\u00bb107px|0px|41px|0px||\u00bb animation_direction=\u00bbbottom\u00bb border_radii=\u00bbon|NaNpx|NaNpx|NaNpx|NaNpx\u00bb border_color_all=\u00bbrgba(0,0,0,0)\u00bb border_width_top=\u00bb18px\u00bb use_custom_width=\u00bbon\u00bb custom_width_px=\u00bb1440px\u00bb global_colors_info=\u00bb{}\u00bb][et_pb_column type=\u00bb1_2&#8243; _builder_version=\u00bb4.16&#8243; custom_padding=\u00bb|40px||40px\u00bb custom_padding_tablet=\u00bb\u00bb custom_padding_phone=\u00bb|20px||20px|false|true\u00bb custom_padding_last_edited=\u00bbon|phone\u00bb global_colors_info=\u00bb{}\u00bb custom_padding__hover=\u00bb|||\u00bb][et_pb_blurb title=\u00bbGESTION DE LOS IMPUESTOS ESPECIALES\u00bb _builder_version=\u00bb4.16&#8243; header_font=\u00bbLato|900||on|||||\u00bb header_text_align=\u00bbleft\u00bb header_text_color=\u00bb#3754a3&#8243; header_font_size=\u00bb15px\u00bb header_letter_spacing=\u00bb1px\u00bb header_line_height=\u00bb1.4em\u00bb body_font=\u00bbLato||||||||\u00bb body_text_color=\u00bb#898f99&#8243; body_font_size=\u00bb16px\u00bb body_line_height=\u00bb1.6em\u00bb text_orientation=\u00bbcenter\u00bb custom_margin=\u00bb12px||||false|false\u00bb custom_margin_tablet=\u00bb\u00bb custom_margin_phone=\u00bb15px||||false|false\u00bb custom_margin_last_edited=\u00bbon|phone\u00bb custom_padding=\u00bb32px|||||\u00bb animation=\u00bboff\u00bb global_colors_info=\u00bb{}\u00bb]<\/p>\n<ul>\n<li style=\"text-align: left;\">Tramitaci\u00f3n y emisi\u00f3n de documentos aduaneros <strong>DAE\/DSA<\/strong><\/li>\n<li style=\"text-align: left;\">Gesti\u00f3n de contabilidad de existencia<\/li>\n<li style=\"text-align: left;\">Representaci\u00f3n ante los servicios aduaneros<\/li>\n<li style=\"text-align: left;\">Liquidaci\u00f3n en entrega directa<\/li>\n<li style=\"text-align: left;\">Procedimiento de c\u00e1psulas <strong>CRD<\/strong> por aposici\u00f3n en <strong>Espa\u00f1a<\/strong><\/li>\n<\/ul>\n<p>[\/et_pb_blurb][\/et_pb_column][et_pb_column type=\u00bb1_2&#8243; _builder_version=\u00bb4.16&#8243; custom_padding=\u00bb|40px||40px\u00bb custom_padding_tablet=\u00bb\u00bb custom_padding_phone=\u00bb|20px||20px|false|true\u00bb custom_padding_last_edited=\u00bbon|phone\u00bb global_colors_info=\u00bb{}\u00bb custom_padding__hover=\u00bb|||\u00bb][et_pb_image src=\u00bbhttps:\/\/www.ciba-services.fr\/wp-content\/uploads\/2020\/11\/de\u0301claration-de\u0301changes-de-biens-scaled.jpg\u00bb alt=\u00bbServicios desplazamiento mercancias y trabajadores impuestos espciales francia europa\u00bb title_text=\u00bbde\u0301claration d\u2019e\u0301changes de biens\u00bb _builder_version=\u00bb4.16&#8243; _module_preset=\u00bbdefault\u00bb global_colors_info=\u00bb{}\u00bb][\/et_pb_image][\/et_pb_column][\/et_pb_row][\/et_pb_section][et_pb_section fb_built=\u00bb1&#8243; _builder_version=\u00bb4.16&#8243; custom_padding=\u00bb54px|0px|50px|0px||\u00bb collapsed=\u00bbon\u00bb global_colors_info=\u00bb{}\u00bb][et_pb_row use_custom_gutter=\u00bbon\u00bb gutter_width=\u00bb1&#8243; custom_padding_last_edited=\u00bbon|phone\u00bb module_id=\u00bbcoaching\u00bb _builder_version=\u00bb4.16&#8243; background_color=\u00bb#ffffff\u00bb background_size=\u00bbinitial\u00bb background_position=\u00bbtop_left\u00bb background_repeat=\u00bbrepeat\u00bb max_width=\u00bb1440px\u00bb custom_margin=\u00bb-8%||||false|false\u00bb custom_padding=\u00bb24px|0px|60px|0px||\u00bb custom_padding_tablet=\u00bb\u00bb custom_padding_phone=\u00bb24px|0px|20px|0px|false|false\u00bb animation_direction=\u00bbbottom\u00bb border_radii=\u00bbon|15px|15px|15px|15px\u00bb border_color_all=\u00bb#3c39e6&#8243; border_width_top=\u00bb18px\u00bb box_shadow_style=\u00bbpreset3&#8243; box_shadow_vertical=\u00bb39px\u00bb box_shadow_blur=\u00bb80px\u00bb box_shadow_color=\u00bbrgba(0,0,0,0.1)\u00bb use_custom_width=\u00bbon\u00bb custom_width_px=\u00bb1440px\u00bb global_colors_info=\u00bb{}\u00bb][et_pb_column type=\u00bb4_4&#8243; _builder_version=\u00bb4.16&#8243; custom_padding=\u00bb|40px||40px\u00bb custom_padding_tablet=\u00bb\u00bb custom_padding_phone=\u00bb|20px||20px|false|true\u00bb custom_padding_last_edited=\u00bbon|phone\u00bb global_colors_info=\u00bb{}\u00bb custom_padding__hover=\u00bb|||\u00bb][et_pb_blurb title=\u00bbCOACHING\u00bb _builder_version=\u00bb4.16&#8243; header_font=\u00bbAbhaya Libre|900||on|||||\u00bb header_text_color=\u00bb#3754a3&#8243; header_font_size=\u00bb28px\u00bb header_letter_spacing=\u00bb1px\u00bb header_line_height=\u00bb1.4em\u00bb body_font=\u00bbLato||||||||\u00bb body_text_color=\u00bb#898f99&#8243; body_font_size=\u00bb16px\u00bb body_line_height=\u00bb1.6em\u00bb text_orientation=\u00bbcenter\u00bb custom_margin=\u00bb|||\u00bb custom_padding=\u00bb|||\u00bb animation=\u00bboff\u00bb global_colors_info=\u00bb{}\u00bb][\/et_pb_blurb][\/et_pb_column][\/et_pb_row][et_pb_row column_structure=\u00bb1_2,1_2&#8243; use_custom_gutter=\u00bbon\u00bb gutter_width=\u00bb1&#8243; _builder_version=\u00bb4.16&#8243; background_color=\u00bb#ffffff\u00bb background_size=\u00bbinitial\u00bb background_position=\u00bbtop_left\u00bb background_repeat=\u00bbrepeat\u00bb max_width=\u00bb1440px\u00bb custom_margin=\u00bb-10%|||\u00bb custom_padding=\u00bb82px|0px|41px|0px||\u00bb animation_direction=\u00bbbottom\u00bb border_radii=\u00bbon|NaNpx|NaNpx|NaNpx|NaNpx\u00bb border_color_all=\u00bbrgba(0,0,0,0)\u00bb border_width_top=\u00bb18px\u00bb use_custom_width=\u00bbon\u00bb custom_width_px=\u00bb1440px\u00bb global_colors_info=\u00bb{}\u00bb][et_pb_column type=\u00bb1_2&#8243; _builder_version=\u00bb4.16&#8243; custom_padding=\u00bb|40px||40px\u00bb custom_padding_tablet=\u00bb\u00bb custom_padding_phone=\u00bb|20px||20px|false|true\u00bb custom_padding_last_edited=\u00bbon|phone\u00bb global_colors_info=\u00bb{}\u00bb custom_padding__hover=\u00bb|||\u00bb][et_pb_blurb title=\u00bbINDIVIDUAL\u00bb _builder_version=\u00bb4.16&#8243; header_font=\u00bbLato|900||on|||||\u00bb header_text_align=\u00bbleft\u00bb header_text_color=\u00bb#3754a3&#8243; header_font_size=\u00bb15px\u00bb header_letter_spacing=\u00bb1px\u00bb header_line_height=\u00bb1.4em\u00bb body_font=\u00bbLato||||||||\u00bb body_text_color=\u00bb#898f99&#8243; body_font_size=\u00bb16px\u00bb body_line_height=\u00bb1.6em\u00bb text_orientation=\u00bbcenter\u00bb custom_margin=\u00bb|||\u00bb custom_padding=\u00bb|||\u00bb animation=\u00bboff\u00bb global_colors_info=\u00bb{}\u00bb]<\/p>\n<ul>\n<li style=\"text-align: left;\">Coaching de\u00a0dirigentes, managers y\u00a0colaboradores<\/li>\n<li style=\"text-align: left;\">Acompa\u00f1amiento de las evoluciones profesionales y orientaci\u00f3n de carreras<\/li>\n<li style=\"text-align: left;\">Tratamiento del estr\u00e9s<\/li>\n<li style=\"text-align: left;\">Mejoramiento de los procesos de comunicaci\u00f3n profesional<\/li>\n<li style=\"text-align: left;\">Desarrollo del l\u00edder ship<\/li>\n<li style=\"text-align: left;\">Mejoramiento de la gesti\u00f3n del tiempo<\/li>\n<\/ul>\n<p>[\/et_pb_blurb][et_pb_blurb title=\u00bbCOLECTIVO\u00bb _builder_version=\u00bb4.16&#8243; header_font=\u00bbLato|900||on|||||\u00bb header_text_align=\u00bbleft\u00bb header_text_color=\u00bb#3754a3&#8243; header_font_size=\u00bb15px\u00bb header_letter_spacing=\u00bb1px\u00bb header_line_height=\u00bb1.4em\u00bb body_font=\u00bbLato||||||||\u00bb body_text_color=\u00bb#898f99&#8243; body_font_size=\u00bb16px\u00bb body_line_height=\u00bb1.6em\u00bb text_orientation=\u00bbcenter\u00bb custom_margin=\u00bb|||\u00bb custom_margin_tablet=\u00bb\u00bb custom_margin_phone=\u00bb15px||||false|false\u00bb custom_margin_last_edited=\u00bbon|phone\u00bb custom_padding=\u00bb|||\u00bb animation=\u00bboff\u00bb global_colors_info=\u00bb{}\u00bb]<\/p>\n<ul>\n<li style=\"text-align: left;\">Coaching de grupos de trabajo<\/li>\n<li style=\"text-align: left;\">Trabajo de Team Building, y cohesi\u00f3n de equipo<\/li>\n<li style=\"text-align: left;\">Coaching y optimizaci\u00f3n de organizaci\u00f3n del trabajo<\/li>\n<li style=\"text-align: left;\">Activaci\u00f3n de talleres de inteligencia colectiva<\/li>\n<li style=\"text-align: left;\">Adem\u00e1s animaci\u00f3n de talleres de gesti\u00f3n de conflictos<\/li>\n<li style=\"text-align: left;\">Animaci\u00f3n de talleres de desarrollo compartido<\/li>\n<\/ul>\n<p>[\/et_pb_blurb][\/et_pb_column][et_pb_column type=\u00bb1_2&#8243; _builder_version=\u00bb4.16&#8243; custom_padding=\u00bb|34px||34px|false|false\u00bb custom_padding_tablet=\u00bb\u00bb custom_padding_phone=\u00bb|20px||20px|false|true\u00bb custom_padding_last_edited=\u00bbon|phone\u00bb global_colors_info=\u00bb{}\u00bb custom_padding__hover=\u00bb|||\u00bb][et_pb_text _builder_version=\u00bb4.16&#8243; _module_preset=\u00bbdefault\u00bb header_font=\u00bb|600|||||||\u00bb header_text_color=\u00bb#3754a3&#8243; header_4_font=\u00bb|700|||||||\u00bb header_4_text_color=\u00bb#3754a3&#8243; header_4_font_size=\u00bb16px\u00bb custom_margin=\u00bb||17px|||\u00bb global_colors_info=\u00bb{}\u00bb]<\/p>\n<h4>Caroline Courtie<\/h4>\n<p>FRAN\u00c7\u00c9S<img loading=\"lazy\" decoding=\"async\" src=\"https:\/\/www.ciba-services.fr\/wp-content\/uploads\/2020\/11\/traduccion-frances-gestoria-francia-03.png\" alt=\"Servicios desplazamientos representacion fiscal  coaching empresas individual colectivo\" width=\"22\" height=\"21\" \/><img \/>\u00a0ESPA\u00d1OL\u00a0<img loading=\"lazy\" decoding=\"async\" src=\"https:\/\/www.ciba-services.fr\/wp-content\/uploads\/2020\/11\/traduccion-espan\u0303ol-ciba-services-francia-02.png\"alt=\"Servicios desplazamientos representacion fiscal  coaching empresas individual grupos de trabajo\" width=\"22\" height=\"21\" \/><img \/>\u00a0 INGL\u00c9S\u00a0<img loading=\"lazy\" decoding=\"async\" src=\"https:\/\/www.ciba-services.fr\/wp-content\/uploads\/2020\/11\/traduccion-documentacion-ingles-documentacion-04.png\"alt=\"Servicios desplazamientos representacion fiscal  coaching empresas individual colectivo gestion de tiempo\" width=\"22\" height=\"21\" \/><img \/><\/p>\n<p>[\/et_pb_text][et_pb_image src=\u00bbhttps:\/\/www.ciba-services.fr\/wp-content\/uploads\/2020\/11\/comptabilite\u0301-\u2013-repre\u0301sentant-de\u0301tachement-de\u0301tachement-France-scaled.jpg\u00bb alt=\u00bbServicios desplazamiento mercancias y trabajadores\u00bb title_text=\u00bbcomptabilite\u0301 \u2013 repre\u0301sentant de\u0301tachement- de\u0301tachement France\u00bb align=\u00bbcenter\u00bb _builder_version=\u00bb4.16&#8243; _module_preset=\u00bbdefault\u00bb max_height=\u00bb400px\u00bb custom_margin=\u00bb|4px||||\u00bb custom_padding=\u00bb||0px||false|false\u00bb global_colors_info=\u00bb{}\u00bb][\/et_pb_image][\/et_pb_column][\/et_pb_row][\/et_pb_section][et_pb_section fb_built=\u00bb1&#8243; _builder_version=\u00bb4.16&#8243; custom_padding=\u00bb54px|0px|50px|0px||\u00bb collapsed=\u00bbon\u00bb global_colors_info=\u00bb{}\u00bb][et_pb_row use_custom_gutter=\u00bbon\u00bb gutter_width=\u00bb1&#8243; custom_padding_last_edited=\u00bbon|phone\u00bb module_id=\u00bbadministracion\u00bb _builder_version=\u00bb4.16&#8243; background_color=\u00bb#ffffff\u00bb background_size=\u00bbinitial\u00bb background_position=\u00bbtop_left\u00bb background_repeat=\u00bbrepeat\u00bb max_width=\u00bb1440px\u00bb custom_margin=\u00bb-8%||||false|false\u00bb custom_padding=\u00bb24px|0px|60px|0px||\u00bb custom_padding_tablet=\u00bb\u00bb custom_padding_phone=\u00bb24px|0px|20px|0px|false|false\u00bb animation_direction=\u00bbbottom\u00bb border_radii=\u00bbon|15px|15px|15px|15px\u00bb border_color_all=\u00bb#3c39e6&#8243; border_width_top=\u00bb18px\u00bb box_shadow_style=\u00bbpreset3&#8243; box_shadow_vertical=\u00bb39px\u00bb box_shadow_blur=\u00bb80px\u00bb box_shadow_color=\u00bbrgba(0,0,0,0.1)\u00bb use_custom_width=\u00bbon\u00bb custom_width_px=\u00bb1440px\u00bb global_colors_info=\u00bb{}\u00bb][et_pb_column type=\u00bb4_4&#8243; _builder_version=\u00bb4.16&#8243; custom_padding=\u00bb|40px||40px\u00bb custom_padding_tablet=\u00bb\u00bb custom_padding_phone=\u00bb|20px||20px|false|true\u00bb custom_padding_last_edited=\u00bbon|phone\u00bb global_colors_info=\u00bb{}\u00bb custom_padding__hover=\u00bb|||\u00bb][et_pb_blurb title=\u00bbADMINISTRATIVO\u00bb _builder_version=\u00bb4.16&#8243; header_font=\u00bbAbhaya Libre|900||on|||||\u00bb header_text_color=\u00bb#3754a3&#8243; header_font_size=\u00bb28px\u00bb header_letter_spacing=\u00bb1px\u00bb header_line_height=\u00bb1.4em\u00bb body_font=\u00bbLato||||||||\u00bb body_text_color=\u00bb#898f99&#8243; body_font_size=\u00bb16px\u00bb body_line_height=\u00bb1.6em\u00bb text_orientation=\u00bbcenter\u00bb custom_margin=\u00bb|||\u00bb custom_padding=\u00bb|||\u00bb animation=\u00bboff\u00bb global_colors_info=\u00bb{}\u00bb][\/et_pb_blurb][\/et_pb_column][\/et_pb_row][et_pb_row column_structure=\u00bb1_2,1_2&#8243; use_custom_gutter=\u00bbon\u00bb gutter_width=\u00bb1&#8243; module_id=\u00bbadministracion\u00bb _builder_version=\u00bb4.16&#8243; background_color=\u00bb#ffffff\u00bb background_size=\u00bbinitial\u00bb background_position=\u00bbtop_left\u00bb background_repeat=\u00bbrepeat\u00bb max_width=\u00bb1440px\u00bb custom_margin=\u00bb-10%|||\u00bb custom_padding=\u00bb50px|0px|17px|0px||\u00bb animation_direction=\u00bbbottom\u00bb border_radii=\u00bbon|NaNpx|NaNpx|NaNpx|NaNpx\u00bb border_color_all=\u00bbrgba(0,0,0,0)\u00bb border_width_top=\u00bb18px\u00bb box_shadow_style=\u00bbpreset3&#8243; box_shadow_vertical=\u00bb17px\u00bb box_shadow_blur=\u00bb17px\u00bb box_shadow_color=\u00bbrgba(0,0,0,0.1)\u00bb use_custom_width=\u00bbon\u00bb custom_width_px=\u00bb1440px\u00bb global_colors_info=\u00bb{}\u00bb][et_pb_column type=\u00bb1_2&#8243; _builder_version=\u00bb4.16&#8243; custom_padding=\u00bb|40px||40px\u00bb custom_padding_tablet=\u00bb\u00bb custom_padding_phone=\u00bb|20px||20px|false|true\u00bb custom_padding_last_edited=\u00bbon|phone\u00bb global_colors_info=\u00bb{}\u00bb custom_padding__hover=\u00bb|||\u00bb][et_pb_blurb _builder_version=\u00bb4.16&#8243; header_font=\u00bbLato|900||on|||||\u00bb header_text_color=\u00bb#3754a3&#8243; header_font_size=\u00bb15px\u00bb header_letter_spacing=\u00bb1px\u00bb header_line_height=\u00bb1.4em\u00bb body_font=\u00bbLato||||||||\u00bb body_text_color=\u00bb#898f99&#8243; body_font_size=\u00bb16px\u00bb body_line_height=\u00bb1.6em\u00bb text_orientation=\u00bbcenter\u00bb custom_margin=\u00bb|||\u00bb custom_padding=\u00bb|||\u00bb animation=\u00bboff\u00bb global_colors_info=\u00bb{}\u00bb]<\/p>\n<ul>\n<li style=\"text-align: left;\">Redacci\u00f3n de los correos<\/li>\n<li style=\"text-align: left;\">Gesti\u00f3n de las aperturas y cuentas bancarias<\/li>\n<li style=\"text-align: left;\">Simulaci\u00f3n del c\u00e1lculo del IRPF<\/li>\n<li style=\"text-align: left;\">Tambi\u00e9n alquiler de sala de conferencias al d\u00eda o medio d\u00eda<\/li>\n<\/ul>\n<p>[\/et_pb_blurb][\/et_pb_column][et_pb_column type=\u00bb1_2&#8243; _builder_version=\u00bb4.16&#8243; custom_padding=\u00bb|40px||40px\u00bb custom_padding_tablet=\u00bb\u00bb custom_padding_phone=\u00bb|20px||20px|false|true\u00bb custom_padding_last_edited=\u00bbon|phone\u00bb global_colors_info=\u00bb{}\u00bb custom_padding__hover=\u00bb|||\u00bb][\/et_pb_column][\/et_pb_row][\/et_pb_section][et_pb_section fb_built=\u00bb1&#8243; admin_label=\u00bbAbout\u00bb _builder_version=\u00bb4.16&#8243; background_color=\u00bb#2151A8&#8243; background_enable_image=\u00bboff\u00bb background_size=\u00bbinitial\u00bb background_position=\u00bbbottom_center\u00bb min_height=\u00bb251px\u00bb custom_padding=\u00bb8px|0px|0px|0px|false|false\u00bb collapsed=\u00bboff\u00bb global_colors_info=\u00bb{}\u00bb][et_pb_row column_structure=\u00bb1_3,1_3,1_3&#8243; _builder_version=\u00bb4.16&#8243; _module_preset=\u00bbdefault\u00bb custom_margin=\u00bb2px|auto||auto||\u00bb custom_padding=\u00bb21px||3px|||\u00bb global_colors_info=\u00bb{}\u00bb][et_pb_column type=\u00bb1_3&#8243; _builder_version=\u00bb4.16&#8243; _module_preset=\u00bbdefault\u00bb global_colors_info=\u00bb{}\u00bb][et_pb_text content_tablet=\u00bb\u00bb content_phone=\u00bb<\/p>\n<h3 class=%22nom-soc%22 itemprop=%22name%22 style=%22text-align: center;%22>&#8211; CIBA SERVICES &#8211;<\/h3>\n<h3 itemprop=%22address%22 itemtype=%22http:\/\/schema.org\/PostalAddress%22 style=%22text-align: center;%22><span itemprop=%22streetAddress%22>RUE DE L&#8217;AUTOPORT<\/span><\/h3>\n<h3 itemprop=%22address%22 itemtype=%22http:\/\/schema.org\/PostalAddress%22 style=%22text-align: center;%22><span itemprop=%22streetAddress%22>ZI DES JONCAUX<\/span><\/h3>\n<h3 itemprop=%22address%22 itemtype=%22http:\/\/schema.org\/PostalAddress%22 style=%22text-align: center;%22>BP 90313<br \/> <span itemprop=%22postalCode%22>64700<\/span><span> <\/span><span itemprop=%22addressLocality%22>HENDAYE<\/span><\/h3>\n<p>\u00bb content_last_edited=\u00bbon|phone\u00bb _builder_version=\u00bb4.16&#8243; _module_preset=\u00bbdefault\u00bb header_3_font=\u00bb|700|||||||\u00bb header_3_text_color=\u00bb#ffffff\u00bb header_3_font_size=\u00bb24px\u00bb custom_padding=\u00bb29px|||||\u00bb global_colors_info=\u00bb{}\u00bb]<\/p>\n<h3 class=\"nom-soc\" itemprop=\"name\" style=\"text-align: left;\">&#8211; CIBA SERVICES &#8211;<\/h3>\n<h3 itemprop=\"address\" itemtype=\"http:\/\/schema.org\/PostalAddress\" style=\"text-align: left;\">16 Rue lekueder,<br \/>\nBatiment des transitaires,<br \/>\nZI des joncaux,<br \/>\n64700 Hendaye <\/h3>\n<p>[\/et_pb_text][\/et_pb_column][et_pb_column type=\u00bb1_3&#8243; _builder_version=\u00bb4.16&#8243; _module_preset=\u00bbdefault\u00bb global_colors_info=\u00bb{}\u00bb][et_pb_image src=\u00bbhttps:\/\/www.ciba-services.fr\/wp-content\/uploads\/2020\/11\/LOGO-CIBA-sie\u0300ge-social-fiscalite\u0301-France-Espagne-fiscalite\u0301-04.png\u00bb alt=\u00bbCiba Services si\u00e8ge social-fiscalit\u00e9 France Espagne-fiscalit\u00e9\u00bb title_text=\u00bbLOGO CIBA sie\u0300ge social-fiscalite\u0301 France Espagne-fiscalite\u0301-04&#8243; align=\u00bbcenter\u00bb force_fullwidth=\u00bbon\u00bb _builder_version=\u00bb4.16&#8243; _module_preset=\u00bbdefault\u00bb custom_padding=\u00bb0px|||||\u00bb global_colors_info=\u00bb{}\u00bb][\/et_pb_image][\/et_pb_column][et_pb_column type=\u00bb1_3&#8243; _builder_version=\u00bb4.16&#8243; _module_preset=\u00bbdefault\u00bb global_colors_info=\u00bb{}\u00bb][et_pb_text content_tablet=\u00bb<\/p>\n<h3 class=%22nom-soc%22 itemprop=%22name%22 style=%22text-align: right;%22><span itemprop=%22email%22>INFO@CIBA.FR<\/span><br \/>\n<a class=%22phone%22 href=%22tel:0033 5 59 20 74 73%22>+33 5 59 20 74 73<\/a>\u00bb content_phone=\u00bb<\/p>\n<h3 class=%22nom-soc%22 itemprop=%22name%22 style=%22text-align: center;%22><span itemprop=%22email%22>INFO@CIBA.FR<\/span><br \/><a class=%22phone%22 href=%22tel:0033 5 59 20 74 73%22>+33 5 59 20 74 73<\/a><\/h3>\n<\/p>\n<p>\u00bb content_last_edited=\u00bbon|phone\u00bb _builder_version=\u00bb4.27.4&#8243; _module_preset=\u00bbdefault\u00bb header_3_font=\u00bb|700|||||||\u00bb header_3_text_color=\u00bb#ffffff\u00bb header_3_font_size=\u00bb24px\u00bb custom_padding=\u00bb68px|||||\u00bb custom_padding_tablet=\u00bb\u00bb custom_padding_phone=\u00bb10px||||false|false\u00bb custom_padding_last_edited=\u00bbon|phone\u00bb global_colors_info=\u00bb{}\u00bb]<\/p>\n<h3 class=\"nom-soc\" itemprop=\"name\" style=\"text-align: right;\"><span itemprop=\"email\">INFO@CIBA.FR<\/span><br \/>\n<a class=\"phone\" href=\"tel:0033 5 59 20 74 73\">+33 5 59 20 74 73<\/a><\/h3>\n<p>[\/et_pb_text][\/et_pb_column][\/et_pb_row][\/et_pb_section]<\/p>\n","protected":false},"excerpt":{"rendered":"<p>Contacta con un agente! Tel:\u00a0 +33 5 59 20 74 73Direcci\u00f3n:\u00a0Adresse:\u00a016 Rue lekueder,Batiment des transitaires,ZI des joncaux,64700\u00a0Hendaye, FranciaGESTI\u00d3N LABORAL EUROPEA Y SERVICIOS DE DESPLAZAMIENTO DE TRABAJADORES Realizaci\u00f3n de las declaraciones previa de desplazamiento Representaci\u00f3n de la empresa durante la duraci\u00f3n del desplazamiento en aplicaci\u00f3n de la Ley Savary; Puesta a disposici\u00f3n de una aplicaci\u00f3n web [&hellip;]<\/p>\n","protected":false},"author":1,"featured_media":0,"parent":0,"menu_order":0,"comment_status":"closed","ping_status":"closed","template":"","meta":{"_et_pb_use_builder":"on","_et_pb_old_content":"","_et_gb_content_width":"","footnotes":""},"class_list":["post-61","page","type-page","status-publish","hentry"],"yoast_head":"<!-- This site is optimized with the Yoast SEO plugin v27.2 - https:\/\/yoast.com\/product\/yoast-seo-wordpress\/ -->\n<title>Servicios desplazamiento mercancias y trabajadores | Asesor\u00eda y servicios<\/title>\n<meta name=\"description\" content=\"Servicios desplazamiento mercancias y trabajadores. Gesti\u00f3n laboral, domicilio fiscal en Francia, aduanas, leyes comerciales Europa...\" \/>\n<meta name=\"robots\" content=\"index, follow, max-snippet:-1, max-image-preview:large, max-video-preview:-1\" \/>\n<link rel=\"canonical\" href=\"https:\/\/www.ciba-services.fr\/es\/servicios-desplazamiento-mercancias-y-trabajadores\/\" \/>\n<meta property=\"og:locale\" content=\"es_ES\" \/>\n<meta property=\"og:type\" content=\"article\" \/>\n<meta property=\"og:title\" content=\"Servicios desplazamiento mercancias y trabajadores | Asesor\u00eda y servicios\" \/>\n<meta property=\"og:description\" content=\"Servicios desplazamiento mercancias y trabajadores. Gesti\u00f3n laboral, domicilio fiscal en Francia, aduanas, leyes comerciales Europa...\" \/>\n<meta property=\"og:url\" content=\"https:\/\/www.ciba-services.fr\/es\/servicios-desplazamiento-mercancias-y-trabajadores\/\" \/>\n<meta property=\"og:site_name\" content=\"Asesor\u00eda Francia, Ciba Services\" \/>\n<meta property=\"article:publisher\" content=\"https:\/\/www.facebook.com\/ciba.services\" \/>\n<meta property=\"article:modified_time\" content=\"2025-11-13T20:18:44+00:00\" \/>\n<meta property=\"og:image\" content=\"https:\/\/www.ciba-services.fr\/wp-content\/uploads\/2020\/11\/traduccion-frances-gestoria-francia-03.png\" \/>\n<meta name=\"twitter:card\" content=\"summary_large_image\" \/>\n<meta name=\"twitter:label1\" content=\"Tiempo de lectura\" \/>\n\t<meta name=\"twitter:data1\" content=\"30 minutos\" \/>\n<script type=\"application\/ld+json\" class=\"yoast-schema-graph\">{\"@context\":\"https:\/\/schema.org\",\"@graph\":[{\"@type\":[\"WebPage\",\"ProfilePage\"],\"@id\":\"https:\/\/www.ciba-services.fr\/es\/servicios-desplazamiento-mercancias-y-trabajadores\/\",\"url\":\"https:\/\/www.ciba-services.fr\/es\/servicios-desplazamiento-mercancias-y-trabajadores\/\",\"name\":\"Servicios desplazamiento mercancias y trabajadores | Asesor\u00eda y servicios\",\"isPartOf\":{\"@id\":\"https:\/\/www.ciba-services.fr\/es\/#website\"},\"primaryImageOfPage\":{\"@id\":\"https:\/\/www.ciba-services.fr\/es\/servicios-desplazamiento-mercancias-y-trabajadores\/#primaryimage\"},\"image\":{\"@id\":\"https:\/\/www.ciba-services.fr\/es\/servicios-desplazamiento-mercancias-y-trabajadores\/#primaryimage\"},\"thumbnailUrl\":\"https:\/\/www.ciba-services.fr\/wp-content\/uploads\/2020\/11\/traduccion-frances-gestoria-francia-03.png\",\"datePublished\":\"2020-10-19T17:28:16+00:00\",\"dateModified\":\"2025-11-13T20:18:44+00:00\",\"description\":\"Servicios desplazamiento mercancias y trabajadores. Gesti\u00f3n laboral, domicilio fiscal en Francia, aduanas, leyes comerciales Europa...\",\"breadcrumb\":{\"@id\":\"https:\/\/www.ciba-services.fr\/es\/servicios-desplazamiento-mercancias-y-trabajadores\/#breadcrumb\"},\"inLanguage\":\"es\",\"potentialAction\":[{\"@type\":\"ReadAction\",\"target\":[\"https:\/\/www.ciba-services.fr\/es\/servicios-desplazamiento-mercancias-y-trabajadores\/\"]}]},{\"@type\":\"ImageObject\",\"inLanguage\":\"es\",\"@id\":\"https:\/\/www.ciba-services.fr\/es\/servicios-desplazamiento-mercancias-y-trabajadores\/#primaryimage\",\"url\":\"https:\/\/www.ciba-services.fr\/wp-content\/uploads\/2020\/11\/traduccion-frances-gestoria-francia-03.png\",\"contentUrl\":\"https:\/\/www.ciba-services.fr\/wp-content\/uploads\/2020\/11\/traduccion-frances-gestoria-francia-03.png\"},{\"@type\":\"BreadcrumbList\",\"@id\":\"https:\/\/www.ciba-services.fr\/es\/servicios-desplazamiento-mercancias-y-trabajadores\/#breadcrumb\",\"itemListElement\":[{\"@type\":\"ListItem\",\"position\":1,\"name\":\"Portada\",\"item\":\"https:\/\/www.ciba-services.fr\/es\/\"},{\"@type\":\"ListItem\",\"position\":2,\"name\":\"SERVICIOS\"}]},{\"@type\":\"WebSite\",\"@id\":\"https:\/\/www.ciba-services.fr\/es\/#website\",\"url\":\"https:\/\/www.ciba-services.fr\/es\/\",\"name\":\"Asesor\u00eda Francia, Ciba Services\",\"description\":\"Asesor\u00eda administrativa, aduanas y fiscal en Francia y Espa\u00f1a\",\"publisher\":{\"@id\":\"https:\/\/www.ciba-services.fr\/es\/#organization\"},\"potentialAction\":[{\"@type\":\"SearchAction\",\"target\":{\"@type\":\"EntryPoint\",\"urlTemplate\":\"https:\/\/www.ciba-services.fr\/es\/?s={search_term_string}\"},\"query-input\":{\"@type\":\"PropertyValueSpecification\",\"valueRequired\":true,\"valueName\":\"search_term_string\"}}],\"inLanguage\":\"es\"},{\"@type\":\"Organization\",\"@id\":\"https:\/\/www.ciba-services.fr\/es\/#organization\",\"name\":\"Ciba Services\",\"url\":\"https:\/\/www.ciba-services.fr\/es\/\",\"logo\":{\"@type\":\"ImageObject\",\"inLanguage\":\"es\",\"@id\":\"https:\/\/www.ciba-services.fr\/es\/#\/schema\/logo\/image\/\",\"url\":\"https:\/\/www.ciba-services.fr\/wp-content\/uploads\/2020\/10\/LOGO-CIBA-1.png\",\"contentUrl\":\"https:\/\/www.ciba-services.fr\/wp-content\/uploads\/2020\/10\/LOGO-CIBA-1.png\",\"width\":670,\"height\":365,\"caption\":\"Ciba Services\"},\"image\":{\"@id\":\"https:\/\/www.ciba-services.fr\/es\/#\/schema\/logo\/image\/\"},\"sameAs\":[\"https:\/\/www.facebook.com\/ciba.services\"],\"mainEntityOfPage\":{\"@id\":\"https:\/\/www.ciba-services.fr\/es\/servicios-desplazamiento-mercancias-y-trabajadores\/\"}}]}<\/script>\n<!-- \/ Yoast SEO plugin. -->","yoast_head_json":{"title":"Servicios desplazamiento mercancias y trabajadores | Asesor\u00eda y servicios","description":"Servicios desplazamiento mercancias y trabajadores. Gesti\u00f3n laboral, domicilio fiscal en Francia, aduanas, leyes comerciales Europa...","robots":{"index":"index","follow":"follow","max-snippet":"max-snippet:-1","max-image-preview":"max-image-preview:large","max-video-preview":"max-video-preview:-1"},"canonical":"https:\/\/www.ciba-services.fr\/es\/servicios-desplazamiento-mercancias-y-trabajadores\/","og_locale":"es_ES","og_type":"article","og_title":"Servicios desplazamiento mercancias y trabajadores | Asesor\u00eda y servicios","og_description":"Servicios desplazamiento mercancias y trabajadores. Gesti\u00f3n laboral, domicilio fiscal en Francia, aduanas, leyes comerciales Europa...","og_url":"https:\/\/www.ciba-services.fr\/es\/servicios-desplazamiento-mercancias-y-trabajadores\/","og_site_name":"Asesor\u00eda Francia, Ciba Services","article_publisher":"https:\/\/www.facebook.com\/ciba.services","article_modified_time":"2025-11-13T20:18:44+00:00","og_image":[{"url":"https:\/\/www.ciba-services.fr\/wp-content\/uploads\/2020\/11\/traduccion-frances-gestoria-francia-03.png","type":"","width":"","height":""}],"twitter_card":"summary_large_image","twitter_misc":{"Tiempo de lectura":"30 minutos"},"schema":{"@context":"https:\/\/schema.org","@graph":[{"@type":["WebPage","ProfilePage"],"@id":"https:\/\/www.ciba-services.fr\/es\/servicios-desplazamiento-mercancias-y-trabajadores\/","url":"https:\/\/www.ciba-services.fr\/es\/servicios-desplazamiento-mercancias-y-trabajadores\/","name":"Servicios desplazamiento mercancias y trabajadores | Asesor\u00eda y servicios","isPartOf":{"@id":"https:\/\/www.ciba-services.fr\/es\/#website"},"primaryImageOfPage":{"@id":"https:\/\/www.ciba-services.fr\/es\/servicios-desplazamiento-mercancias-y-trabajadores\/#primaryimage"},"image":{"@id":"https:\/\/www.ciba-services.fr\/es\/servicios-desplazamiento-mercancias-y-trabajadores\/#primaryimage"},"thumbnailUrl":"https:\/\/www.ciba-services.fr\/wp-content\/uploads\/2020\/11\/traduccion-frances-gestoria-francia-03.png","datePublished":"2020-10-19T17:28:16+00:00","dateModified":"2025-11-13T20:18:44+00:00","description":"Servicios desplazamiento mercancias y trabajadores. Gesti\u00f3n laboral, domicilio fiscal en Francia, aduanas, leyes comerciales Europa...","breadcrumb":{"@id":"https:\/\/www.ciba-services.fr\/es\/servicios-desplazamiento-mercancias-y-trabajadores\/#breadcrumb"},"inLanguage":"es","potentialAction":[{"@type":"ReadAction","target":["https:\/\/www.ciba-services.fr\/es\/servicios-desplazamiento-mercancias-y-trabajadores\/"]}]},{"@type":"ImageObject","inLanguage":"es","@id":"https:\/\/www.ciba-services.fr\/es\/servicios-desplazamiento-mercancias-y-trabajadores\/#primaryimage","url":"https:\/\/www.ciba-services.fr\/wp-content\/uploads\/2020\/11\/traduccion-frances-gestoria-francia-03.png","contentUrl":"https:\/\/www.ciba-services.fr\/wp-content\/uploads\/2020\/11\/traduccion-frances-gestoria-francia-03.png"},{"@type":"BreadcrumbList","@id":"https:\/\/www.ciba-services.fr\/es\/servicios-desplazamiento-mercancias-y-trabajadores\/#breadcrumb","itemListElement":[{"@type":"ListItem","position":1,"name":"Portada","item":"https:\/\/www.ciba-services.fr\/es\/"},{"@type":"ListItem","position":2,"name":"SERVICIOS"}]},{"@type":"WebSite","@id":"https:\/\/www.ciba-services.fr\/es\/#website","url":"https:\/\/www.ciba-services.fr\/es\/","name":"Asesor\u00eda Francia, Ciba Services","description":"Asesor\u00eda administrativa, aduanas y fiscal en Francia y Espa\u00f1a","publisher":{"@id":"https:\/\/www.ciba-services.fr\/es\/#organization"},"potentialAction":[{"@type":"SearchAction","target":{"@type":"EntryPoint","urlTemplate":"https:\/\/www.ciba-services.fr\/es\/?s={search_term_string}"},"query-input":{"@type":"PropertyValueSpecification","valueRequired":true,"valueName":"search_term_string"}}],"inLanguage":"es"},{"@type":"Organization","@id":"https:\/\/www.ciba-services.fr\/es\/#organization","name":"Ciba Services","url":"https:\/\/www.ciba-services.fr\/es\/","logo":{"@type":"ImageObject","inLanguage":"es","@id":"https:\/\/www.ciba-services.fr\/es\/#\/schema\/logo\/image\/","url":"https:\/\/www.ciba-services.fr\/wp-content\/uploads\/2020\/10\/LOGO-CIBA-1.png","contentUrl":"https:\/\/www.ciba-services.fr\/wp-content\/uploads\/2020\/10\/LOGO-CIBA-1.png","width":670,"height":365,"caption":"Ciba Services"},"image":{"@id":"https:\/\/www.ciba-services.fr\/es\/#\/schema\/logo\/image\/"},"sameAs":["https:\/\/www.facebook.com\/ciba.services"],"mainEntityOfPage":{"@id":"https:\/\/www.ciba-services.fr\/es\/servicios-desplazamiento-mercancias-y-trabajadores\/"}}]}},"_links":{"self":[{"href":"https:\/\/www.ciba-services.fr\/es\/wp-json\/wp\/v2\/pages\/61","targetHints":{"allow":["GET"]}}],"collection":[{"href":"https:\/\/www.ciba-services.fr\/es\/wp-json\/wp\/v2\/pages"}],"about":[{"href":"https:\/\/www.ciba-services.fr\/es\/wp-json\/wp\/v2\/types\/page"}],"author":[{"embeddable":true,"href":"https:\/\/www.ciba-services.fr\/es\/wp-json\/wp\/v2\/users\/1"}],"replies":[{"embeddable":true,"href":"https:\/\/www.ciba-services.fr\/es\/wp-json\/wp\/v2\/comments?post=61"}],"version-history":[{"count":121,"href":"https:\/\/www.ciba-services.fr\/es\/wp-json\/wp\/v2\/pages\/61\/revisions"}],"predecessor-version":[{"id":1575,"href":"https:\/\/www.ciba-services.fr\/es\/wp-json\/wp\/v2\/pages\/61\/revisions\/1575"}],"wp:attachment":[{"href":"https:\/\/www.ciba-services.fr\/es\/wp-json\/wp\/v2\/media?parent=61"}],"curies":[{"name":"wp","href":"https:\/\/api.w.org\/{rel}","templated":true}]}}